{"id":3935,"date":"2025-08-18T18:33:06","date_gmt":"2025-08-18T16:33:06","guid":{"rendered":"https:\/\/www.mined.gob.ni\/fiestas-patrias\/?page_id=3935"},"modified":"2025-08-18T18:33:45","modified_gmt":"2025-08-18T16:33:45","slug":"primer-desfile-escolar-2025-todos-san-jacinto","status":"publish","type":"page","link":"https:\/\/www.mined.gob.ni\/fiestas-patrias\/primer-desfile-escolar-2025-todos-san-jacinto\/","title":{"rendered":"Primer Desfile Escolar 2025 \u00a1Todos San Jacinto!"},"content":{"rendered":"\t\t<div data-elementor-type=\"wp-page\" data-elementor-id=\"3935\" class=\"elementor elementor-3935\">\n\t\t\t\t<div class=\"elementor-element elementor-element-1a221911 dark-theme e-con-full e-flex e-con e-parent\" data-id=\"1a221911\" data-element_type=\"container\" data-settings=\"{&quot;background_background&quot;:&quot;classic&quot;}\">\n\t\t<div class=\"elementor-element elementor-element-6988cd87 e-con-full e-flex e-con e-child\" data-id=\"6988cd87\" data-element_type=\"container\">\n\t\t<div class=\"elementor-element elementor-element-4a34cff7 e-con-full gallery-slider3 e-flex e-con e-child\" data-id=\"4a34cff7\" data-element_type=\"container\">\n\t\t\r\n\t\t<div class=\"elementor-element elementor-element-569df8c1 elementor-widget__width-initial elementor-widget elementor-widget-evenisectiontitle\" data-id=\"569df8c1\" data-element_type=\"widget\" data-widget_type=\"evenisectiontitle.default\">\n\t\t\t\t<div class=\"elementor-widget-container\">\n\t\t\t\t\t<div class=\"title-area text-center \">\r\n\t\t\t<span class=\"sub-title2 text-theme2\"><span class=\"text\"> <\/span><\/span><h4 class=\"sec-title \">Galer\u00eda Fotogr\u00e1fica | Estudiantes, maestros y maestras, junto a padres y madres de familia de todo el pa\u00eds, participaron en el Primer Desfile Escolar 2025 \u00a1Todos San Jacinto! <\/h4>\t\t<\/div>\r\n\r\n\t\t\t<\/div>\n\t\t\t\t<\/div>\n\t\t\t\t<div class=\"elementor-element elementor-element-3ad11e01 elementor-widget elementor-widget-evenigallery\" data-id=\"3ad11e01\" data-element_type=\"widget\" data-widget_type=\"evenigallery.default\">\n\t\t\t\t<div class=\"elementor-widget-container\">\n\t\t\t<div class=\"row gy-30 filter-active overlay-direction\"><div class=\"col-xxl-3 col-lg-4 col-md-6 filter-item\"><div class=\"gallery-card\"><a class=\"box-img popup-image\" href=\"https:\/\/www.mined.gob.ni\/fiestas-patrias\/wp-content\/uploads\/2025\/08\/532862735_1204329561725320_6704252698139806190_n.jpg\"><img decoding=\"async\" src=\"https:\/\/www.mined.gob.ni\/fiestas-patrias\/wp-content\/uploads\/2025\/08\/532862735_1204329561725320_6704252698139806190_n.jpg\" alt=\"532862735_1204329561725320_6704252698139806190_n\"  \/><\/a><\/div><\/div><div class=\"col-xxl-3 col-lg-4 col-md-6 filter-item\"><div class=\"gallery-card\"><a class=\"box-img popup-image\" href=\"https:\/\/www.mined.gob.ni\/fiestas-patrias\/wp-content\/uploads\/2025\/08\/533091627_1204329771725299_1817065791038776683_n.jpg\"><img decoding=\"async\" src=\"https:\/\/www.mined.gob.ni\/fiestas-patrias\/wp-content\/uploads\/2025\/08\/533091627_1204329771725299_1817065791038776683_n.jpg\" alt=\"533091627_1204329771725299_1817065791038776683_n\"  \/><\/a><\/div><\/div><div class=\"col-xxl-3 col-lg-4 col-md-6 filter-item\"><div class=\"gallery-card\"><a class=\"box-img popup-image\" href=\"https:\/\/www.mined.gob.ni\/fiestas-patrias\/wp-content\/uploads\/2025\/08\/533175619_1204329961725280_3789810459671293784_n.jpg\"><img decoding=\"async\" src=\"https:\/\/www.mined.gob.ni\/fiestas-patrias\/wp-content\/uploads\/2025\/08\/533175619_1204329961725280_3789810459671293784_n.jpg\" alt=\"533175619_1204329961725280_3789810459671293784_n\"  \/><\/a><\/div><\/div><div class=\"col-xxl-3 col-lg-4 col-md-6 filter-item\"><div class=\"gallery-card\"><a class=\"box-img popup-image\" href=\"https:\/\/www.mined.gob.ni\/fiestas-patrias\/wp-content\/uploads\/2025\/08\/533248038_1204407761717500_5456286585712400347_n.jpg\"><img decoding=\"async\" src=\"https:\/\/www.mined.gob.ni\/fiestas-patrias\/wp-content\/uploads\/2025\/08\/533248038_1204407761717500_5456286585712400347_n.jpg\" alt=\"533248038_1204407761717500_5456286585712400347_n\"  \/><\/a><\/div><\/div><div class=\"col-xxl-3 col-lg-4 col-md-6 filter-item\"><div class=\"gallery-card\"><a class=\"box-img popup-image\" href=\"https:\/\/www.mined.gob.ni\/fiestas-patrias\/wp-content\/uploads\/2025\/08\/533260213_1204329748391968_1507582593306480943_n.jpg\"><img decoding=\"async\" src=\"https:\/\/www.mined.gob.ni\/fiestas-patrias\/wp-content\/uploads\/2025\/08\/533260213_1204329748391968_1507582593306480943_n.jpg\" alt=\"533260213_1204329748391968_1507582593306480943_n\"  \/><\/a><\/div><\/div><div class=\"col-xxl-3 col-lg-4 col-md-6 filter-item\"><div class=\"gallery-card\"><a class=\"box-img popup-image\" href=\"https:\/\/www.mined.gob.ni\/fiestas-patrias\/wp-content\/uploads\/2025\/08\/533383891_1204329685058641_582950363364778643_n.jpg\"><img decoding=\"async\" src=\"https:\/\/www.mined.gob.ni\/fiestas-patrias\/wp-content\/uploads\/2025\/08\/533383891_1204329685058641_582950363364778643_n.jpg\" alt=\"533383891_1204329685058641_582950363364778643_n\"  \/><\/a><\/div><\/div><div class=\"col-xxl-3 col-lg-4 col-md-6 filter-item\"><div class=\"gallery-card\"><a class=\"box-img popup-image\" href=\"https:\/\/www.mined.gob.ni\/fiestas-patrias\/wp-content\/uploads\/2025\/08\/533483370_1204329731725303_7218501538017542350_n.jpg\"><img decoding=\"async\" src=\"https:\/\/www.mined.gob.ni\/fiestas-patrias\/wp-content\/uploads\/2025\/08\/533483370_1204329731725303_7218501538017542350_n.jpg\" alt=\"533483370_1204329731725303_7218501538017542350_n\"  \/><\/a><\/div><\/div><div class=\"col-xxl-3 col-lg-4 col-md-6 filter-item\"><div class=\"gallery-card\"><a class=\"box-img popup-image\" href=\"https:\/\/www.mined.gob.ni\/fiestas-patrias\/wp-content\/uploads\/2025\/08\/533530848_1204329818391961_4382837379430477650_n.jpg\"><img decoding=\"async\" src=\"https:\/\/www.mined.gob.ni\/fiestas-patrias\/wp-content\/uploads\/2025\/08\/533530848_1204329818391961_4382837379430477650_n.jpg\" alt=\"533530848_1204329818391961_4382837379430477650_n\"  \/><\/a><\/div><\/div><div class=\"col-xxl-3 col-lg-4 col-md-6 filter-item\"><div class=\"gallery-card\"><a class=\"box-img popup-image\" href=\"https:\/\/www.mined.gob.ni\/fiestas-patrias\/wp-content\/uploads\/2025\/08\/533592276_1204329631725313_1812317395810612327_n-1.jpg\"><img decoding=\"async\" src=\"https:\/\/www.mined.gob.ni\/fiestas-patrias\/wp-content\/uploads\/2025\/08\/533592276_1204329631725313_1812317395810612327_n-1.jpg\" alt=\"533592276_1204329631725313_1812317395810612327_n 1\"  \/><\/a><\/div><\/div><div class=\"col-xxl-3 col-lg-4 col-md-6 filter-item\"><div class=\"gallery-card\"><a class=\"box-img popup-image\" href=\"https:\/\/www.mined.gob.ni\/fiestas-patrias\/wp-content\/uploads\/2025\/08\/533713523_1204329475058662_1920157781908821794_n.jpg\"><img decoding=\"async\" src=\"https:\/\/www.mined.gob.ni\/fiestas-patrias\/wp-content\/uploads\/2025\/08\/533713523_1204329475058662_1920157781908821794_n.jpg\" alt=\"533713523_1204329475058662_1920157781908821794_n\"  \/><\/a><\/div><\/div><div class=\"col-xxl-3 col-lg-4 col-md-6 filter-item\"><div class=\"gallery-card\"><a class=\"box-img popup-image\" href=\"https:\/\/www.mined.gob.ni\/fiestas-patrias\/wp-content\/uploads\/2025\/08\/533811886_1204329785058631_722915886336567801_n.jpg\"><img decoding=\"async\" src=\"https:\/\/www.mined.gob.ni\/fiestas-patrias\/wp-content\/uploads\/2025\/08\/533811886_1204329785058631_722915886336567801_n.jpg\" alt=\"533811886_1204329785058631_722915886336567801_n\"  \/><\/a><\/div><\/div><div class=\"col-xxl-3 col-lg-4 col-md-6 filter-item\"><div class=\"gallery-card\"><a class=\"box-img popup-image\" href=\"https:\/\/www.mined.gob.ni\/fiestas-patrias\/wp-content\/uploads\/2025\/08\/534408879_1204329851725291_8997323716521755009_n.jpg\"><img decoding=\"async\" src=\"https:\/\/www.mined.gob.ni\/fiestas-patrias\/wp-content\/uploads\/2025\/08\/534408879_1204329851725291_8997323716521755009_n.jpg\" alt=\"534408879_1204329851725291_8997323716521755009_n\"  \/><\/a><\/div><\/div><div class=\"col-xxl-3 col-lg-4 col-md-6 filter-item\"><div class=\"gallery-card\"><a class=\"box-img popup-image\" href=\"https:\/\/www.mined.gob.ni\/fiestas-patrias\/wp-content\/uploads\/2025\/08\/534183011_1204329811725295_4628107855699483834_n.jpg\"><img decoding=\"async\" src=\"https:\/\/www.mined.gob.ni\/fiestas-patrias\/wp-content\/uploads\/2025\/08\/534183011_1204329811725295_4628107855699483834_n.jpg\" alt=\"534183011_1204329811725295_4628107855699483834_n\"  \/><\/a><\/div><\/div><div class=\"col-xxl-3 col-lg-4 col-md-6 filter-item\"><div class=\"gallery-card\"><a class=\"box-img popup-image\" href=\"https:\/\/www.mined.gob.ni\/fiestas-patrias\/wp-content\/uploads\/2025\/08\/534428904_1204329445058665_1726471875976638847_n.jpg\"><img decoding=\"async\" src=\"https:\/\/www.mined.gob.ni\/fiestas-patrias\/wp-content\/uploads\/2025\/08\/534428904_1204329445058665_1726471875976638847_n.jpg\" alt=\"534428904_1204329445058665_1726471875976638847_n\"  \/><\/a><\/div><\/div><div class=\"col-xxl-3 col-lg-4 col-md-6 filter-item\"><div class=\"gallery-card\"><a class=\"box-img popup-image\" href=\"https:\/\/www.mined.gob.ni\/fiestas-patrias\/wp-content\/uploads\/2025\/08\/534519918_1204329861725290_5403616758006513280_n.jpg\"><img decoding=\"async\" src=\"https:\/\/www.mined.gob.ni\/fiestas-patrias\/wp-content\/uploads\/2025\/08\/534519918_1204329861725290_5403616758006513280_n.jpg\" alt=\"534519918_1204329861725290_5403616758006513280_n\"  \/><\/a><\/div><\/div><div class=\"col-xxl-3 col-lg-4 col-md-6 filter-item\"><div class=\"gallery-card\"><a class=\"box-img popup-image\" href=\"https:\/\/www.mined.gob.ni\/fiestas-patrias\/wp-content\/uploads\/2025\/08\/534523872_1204329541725322_8784365062675663751_n.jpg\"><img decoding=\"async\" src=\"https:\/\/www.mined.gob.ni\/fiestas-patrias\/wp-content\/uploads\/2025\/08\/534523872_1204329541725322_8784365062675663751_n.jpg\" alt=\"534523872_1204329541725322_8784365062675663751_n\"  \/><\/a><\/div><\/div><div class=\"col-xxl-3 col-lg-4 col-md-6 filter-item\"><div class=\"gallery-card\"><a class=\"box-img popup-image\" href=\"https:\/\/www.mined.gob.ni\/fiestas-patrias\/wp-content\/uploads\/2025\/08\/534561588_1204329935058616_4145041774490021186_n.jpg\"><img decoding=\"async\" src=\"https:\/\/www.mined.gob.ni\/fiestas-patrias\/wp-content\/uploads\/2025\/08\/534561588_1204329935058616_4145041774490021186_n.jpg\" alt=\"534561588_1204329935058616_4145041774490021186_n\"  \/><\/a><\/div><\/div><div class=\"col-xxl-3 col-lg-4 col-md-6 filter-item\"><div class=\"gallery-card\"><a class=\"box-img popup-image\" href=\"https:\/\/www.mined.gob.ni\/fiestas-patrias\/wp-content\/uploads\/2025\/08\/534940227_1204329698391973_1686910035871605822_n.jpg\"><img decoding=\"async\" src=\"https:\/\/www.mined.gob.ni\/fiestas-patrias\/wp-content\/uploads\/2025\/08\/534940227_1204329698391973_1686910035871605822_n.jpg\" alt=\"534940227_1204329698391973_1686910035871605822_n\"  \/><\/a><\/div><\/div><div class=\"col-xxl-3 col-lg-4 col-md-6 filter-item\"><div class=\"gallery-card\"><a class=\"box-img popup-image\" href=\"https:\/\/www.mined.gob.ni\/fiestas-patrias\/wp-content\/uploads\/2025\/08\/535029962_1204329908391952_7351822343335957926_n.jpg\"><img decoding=\"async\" src=\"https:\/\/www.mined.gob.ni\/fiestas-patrias\/wp-content\/uploads\/2025\/08\/535029962_1204329908391952_7351822343335957926_n.jpg\" alt=\"535029962_1204329908391952_7351822343335957926_n\"  \/><\/a><\/div><\/div><div class=\"col-xxl-3 col-lg-4 col-md-6 filter-item\"><div class=\"gallery-card\"><a class=\"box-img popup-image\" href=\"https:\/\/www.mined.gob.ni\/fiestas-patrias\/wp-content\/uploads\/2025\/08\/535059510_1204407725050837_6272036036680849724_n.jpg\"><img decoding=\"async\" src=\"https:\/\/www.mined.gob.ni\/fiestas-patrias\/wp-content\/uploads\/2025\/08\/535059510_1204407725050837_6272036036680849724_n.jpg\" alt=\"535059510_1204407725050837_6272036036680849724_n\"  \/><\/a><\/div><\/div><div class=\"col-xxl-3 col-lg-4 col-md-6 filter-item\"><div class=\"gallery-card\"><a class=\"box-img popup-image\" href=\"https:\/\/www.mined.gob.ni\/fiestas-patrias\/wp-content\/uploads\/2025\/08\/535157707_1204329621725314_883797930755225987_n.jpg\"><img decoding=\"async\" src=\"https:\/\/www.mined.gob.ni\/fiestas-patrias\/wp-content\/uploads\/2025\/08\/535157707_1204329621725314_883797930755225987_n.jpg\" alt=\"535157707_1204329621725314_883797930755225987_n\"  \/><\/a><\/div><\/div><div class=\"col-xxl-3 col-lg-4 col-md-6 filter-item\"><div class=\"gallery-card\"><a class=\"box-img popup-image\" href=\"https:\/\/www.mined.gob.ni\/fiestas-patrias\/wp-content\/uploads\/2025\/08\/535358172_1204329645058645_4056811932671505839_n.jpg\"><img decoding=\"async\" src=\"https:\/\/www.mined.gob.ni\/fiestas-patrias\/wp-content\/uploads\/2025\/08\/535358172_1204329645058645_4056811932671505839_n.jpg\" alt=\"535358172_1204329645058645_4056811932671505839_n\"  \/><\/a><\/div><\/div><div class=\"col-xxl-3 col-lg-4 col-md-6 filter-item\"><div class=\"gallery-card\"><a class=\"box-img popup-image\" href=\"https:\/\/www.mined.gob.ni\/fiestas-patrias\/wp-content\/uploads\/2025\/08\/536128263_1204329665058643_5714737477306789667_n.jpg\"><img decoding=\"async\" src=\"https:\/\/www.mined.gob.ni\/fiestas-patrias\/wp-content\/uploads\/2025\/08\/536128263_1204329665058643_5714737477306789667_n.jpg\" alt=\"536128263_1204329665058643_5714737477306789667_n\"  \/><\/a><\/div><\/div><\/div>\t\t<\/div>\n\t\t\t\t<\/div>\n\t\t\t\t<\/div>\n\t\t\t\t<\/div>\n\t\t\t\t<\/div>\n\t\t\t\t<\/div>\n\t\t","protected":false},"excerpt":{"rendered":"<p>Galer\u00eda Fotogr\u00e1fica | Estudiantes, maestros y maestras, junto a padres y madres de familia de todo el pa\u00eds, participaron en el Primer Desfile Escolar 2025 \u00a1Todos San Jacinto!<\/p>\n","protected":false},"author":1,"featured_media":0,"parent":0,"menu_order":0,"comment_status":"closed","ping_status":"closed","template":"","meta":{"footnotes":""},"class_list":["post-3935","page","type-page","status-publish","hentry"],"_links":{"self":[{"href":"https:\/\/www.mined.gob.ni\/fiestas-patrias\/wp-json\/wp\/v2\/pages\/3935"}],"collection":[{"href":"https:\/\/www.mined.gob.ni\/fiestas-patrias\/wp-json\/wp\/v2\/pages"}],"about":[{"href":"https:\/\/www.mined.gob.ni\/fiestas-patrias\/wp-json\/wp\/v2\/types\/page"}],"author":[{"embeddable":true,"href":"https:\/\/www.mined.gob.ni\/fiestas-patrias\/wp-json\/wp\/v2\/users\/1"}],"replies":[{"embeddable":true,"href":"https:\/\/www.mined.gob.ni\/fiestas-patrias\/wp-json\/wp\/v2\/comments?post=3935"}],"version-history":[{"count":4,"href":"https:\/\/www.mined.gob.ni\/fiestas-patrias\/wp-json\/wp\/v2\/pages\/3935\/revisions"}],"predecessor-version":[{"id":3940,"href":"https:\/\/www.mined.gob.ni\/fiestas-patrias\/wp-json\/wp\/v2\/pages\/3935\/revisions\/3940"}],"wp:attachment":[{"href":"https:\/\/www.mined.gob.ni\/fiestas-patrias\/wp-json\/wp\/v2\/media?parent=3935"}],"curies":[{"name":"wp","href":"https:\/\/api.w.org\/{rel}","templated":true}]}}