{"id":2169,"date":"2023-05-03T20:50:45","date_gmt":"2023-05-03T20:50:45","guid":{"rendered":"https:\/\/www.mined.gob.ni\/mapadelaeducacion\/?page_id=2169"},"modified":"2023-05-11T16:24:58","modified_gmt":"2023-05-11T16:24:58","slug":"tecnologia-educativa","status":"publish","type":"page","link":"https:\/\/www.mined.gob.ni\/mapadelaeducacion\/tecnologia-educativa\/","title":{"rendered":"Tecnolog\u00eda Educativa"},"content":{"rendered":"\t\t<div data-elementor-type=\"wp-page\" data-elementor-id=\"2169\" class=\"elementor elementor-2169\">\n\t\t\t\t\t\t\t\t\t<section class=\"elementor-section elementor-top-section elementor-element elementor-element-26c05517 elementor-section-boxed elementor-section-height-default elementor-section-height-default\" data-id=\"26c05517\" data-element_type=\"section\" data-settings=\"{&quot;background_background&quot;:&quot;slideshow&quot;,&quot;background_slideshow_gallery&quot;:[{&quot;id&quot;:2406,&quot;url&quot;:&quot;https:\\\/\\\/www.mined.gob.ni\\\/mapadelaeducacion\\\/wp-content\\\/uploads\\\/2023\\\/05\\\/tecno-01.jpg&quot;},{&quot;id&quot;:2410,&quot;url&quot;:&quot;https:\\\/\\\/www.mined.gob.ni\\\/mapadelaeducacion\\\/wp-content\\\/uploads\\\/2023\\\/05\\\/tecno-02.jpg&quot;}],&quot;background_slideshow_ken_burns&quot;:&quot;yes&quot;,&quot;background_slideshow_lazyload&quot;:&quot;yes&quot;,&quot;background_slideshow_ken_burns_zoom_direction&quot;:&quot;out&quot;,&quot;background_slideshow_loop&quot;:&quot;yes&quot;,&quot;background_slideshow_slide_duration&quot;:5000,&quot;background_slideshow_slide_transition&quot;:&quot;fade&quot;,&quot;background_slideshow_transition_duration&quot;:500}\">\n\t\t\t\t\t\t<div class=\"elementor-container elementor-column-gap-default\">\n\t\t\t\t\t<div class=\"elementor-column elementor-col-100 elementor-top-column elementor-element elementor-element-46318ff4\" data-id=\"46318ff4\" data-element_type=\"column\">\n\t\t\t<div class=\"elementor-widget-wrap elementor-element-populated\">\n\t\t\t\t\t\t\t\t<div class=\"elementor-element elementor-element-423db8c1 elementor-widget elementor-widget-gva-heading-block\" data-id=\"423db8c1\" data-element_type=\"widget\" data-widget_type=\"gva-heading-block.default\">\n\t\t\t\t<div class=\"elementor-widget-container\">\n\t\t\t<div class=\"gva-element-gva-heading-block gva-element\">   <div class=\"align-center style-1 widget gsc-heading box-align-left auto-responsive\">\r\n      <div class=\"content-inner\">\r\n         \r\n         \r\n         <div class=\"heading-line\"><span><\/span><span><\/span><\/div>\r\n           \r\n         \r\n                  \r\n         \r\n      <\/div>\r\n   <\/div>\r\n<\/div>\t\t<\/div>\n\t\t\t\t<\/div>\n\t\t\t\t\t<\/div>\n\t\t<\/div>\n\t\t\t\t\t\t\t<\/div>\n\t\t<\/section>\n\t\t\t\t<section class=\"elementor-section elementor-top-section elementor-element elementor-element-9da00b8 elementor-section-boxed elementor-section-height-default elementor-section-height-default\" data-id=\"9da00b8\" data-element_type=\"section\">\n\t\t\t\t\t\t<div class=\"elementor-container elementor-column-gap-default\">\n\t\t\t\t\t<div class=\"elementor-column elementor-col-50 elementor-top-column elementor-element elementor-element-3e1c48d9\" data-id=\"3e1c48d9\" data-element_type=\"column\">\n\t\t\t<div class=\"elementor-widget-wrap elementor-element-populated\">\n\t\t\t\t\t\t\t\t<div class=\"elementor-element elementor-element-3efbf4f3 elementor-widget elementor-widget-image\" data-id=\"3efbf4f3\" data-element_type=\"widget\" data-widget_type=\"image.default\">\n\t\t\t\t<div class=\"elementor-widget-container\">\n\t\t\t<style>\/*! elementor - v3.12.1 - 02-04-2023 *\/\n.elementor-widget-image{text-align:center}.elementor-widget-image a{display:inline-block}.elementor-widget-image a img[src$=\".svg\"]{width:48px}.elementor-widget-image img{vertical-align:middle;display:inline-block}<\/style>\t\t\t\t\t\t\t\t\t\t\t\t<img loading=\"lazy\" decoding=\"async\" width=\"404\" height=\"253\" src=\"https:\/\/www.mined.gob.ni\/mapadelaeducacion\/wp-content\/uploads\/2023\/04\/vamos-ADELANTE.png\" class=\"attachment-large size-large wp-image-1813\" alt=\"\" \/>\t\t\t\t\t\t\t\t\t\t\t\t\t\t\t<\/div>\n\t\t\t\t<\/div>\n\t\t\t\t<div class=\"elementor-element elementor-element-72f498af elementor-widget elementor-widget-wp-widget-nav_menu\" data-id=\"72f498af\" data-element_type=\"widget\" data-widget_type=\"wp-widget-nav_menu.default\">\n\t\t\t\t<div class=\"elementor-widget-container\">\n\t\t\t<div class=\"menu-services-container\"><ul id=\"menu-services\" class=\"menu\"><li id=\"menu-item-1307\" class=\"menu-item menu-item-type-post_type menu-item-object-page menu-item-1307\"><a href=\"https:\/\/www.mined.gob.ni\/mapadelaeducacion\/direccion-de-educacion-artistica-y-cultural-mined\/\">Educaci\u00f3n Art\u00edstica y Cultural MINED<\/a><\/li>\n<li id=\"menu-item-1308\" class=\"menu-item menu-item-type-post_type menu-item-object-page menu-item-1308\"><a href=\"https:\/\/www.mined.gob.ni\/mapadelaeducacion\/programa-de-vocacion-productiva-para-el-trabajo-y-la-vida\/\">Vocaci\u00f3n Productiva para el Trabajo y la Vida<\/a><\/li>\n<li id=\"menu-item-1312\" class=\"menu-item menu-item-type-post_type menu-item-object-page menu-item-1312\"><a href=\"https:\/\/www.mined.gob.ni\/mapadelaeducacion\/merienda-escolar-mined\/\">Merienda Escolar PINE<\/a><\/li>\n<li id=\"menu-item-1309\" class=\"menu-item menu-item-type-post_type menu-item-object-page menu-item-1309\"><a href=\"https:\/\/www.mined.gob.ni\/mapadelaeducacion\/inversion-social\/\">Inversi\u00f3n Social<\/a><\/li>\n<li id=\"menu-item-1311\" class=\"menu-item menu-item-type-post_type menu-item-object-page menu-item-1311\"><a href=\"https:\/\/www.mined.gob.ni\/mapadelaeducacion\/infraestructura-escolar\/\">Infraestructura Escolar<\/a><\/li>\n<li id=\"menu-item-2180\" class=\"menu-item menu-item-type-post_type menu-item-object-page menu-item-2180\"><a href=\"https:\/\/www.mined.gob.ni\/mapadelaeducacion\/tecnologia-educativa\/\">Tecnolog\u00eda Educativa<\/a><\/li>\n<li id=\"menu-item-2205\" class=\"menu-item menu-item-type-post_type menu-item-object-page menu-item-2205\"><a href=\"https:\/\/www.mined.gob.ni\/mapadelaeducacion\/bono-complementario\/\">Bono Complementario<\/a><\/li>\n<li id=\"menu-item-2704\" class=\"menu-item menu-item-type-post_type menu-item-object-page menu-item-2704\"><a href=\"https:\/\/www.mined.gob.ni\/mapadelaeducacion\/direccion-general-de-educacion-de-jovenes-y-adultos\/\">Educaci\u00f3n de J\u00f3venes y Adultos<\/a><\/li>\n<li id=\"menu-item-2705\" class=\"menu-item menu-item-type-post_type menu-item-object-page menu-item-2705\"><a href=\"https:\/\/www.mined.gob.ni\/mapadelaeducacion\/consejeria-de-las-comunidades-educativas\/\">Consejer\u00eda de las Comunidades Educativas<\/a><\/li>\n<li id=\"menu-item-2834\" class=\"menu-item menu-item-type-post_type menu-item-object-page menu-item-2834\"><a href=\"https:\/\/www.mined.gob.ni\/mapadelaeducacion\/educacion-fisica-y-deportes-escolares\/\">Educaci\u00f3n F\u00edsica y Deportes Escolares<\/a><\/li>\n<li id=\"menu-item-3045\" class=\"menu-item menu-item-type-post_type menu-item-object-page menu-item-3045\"><a href=\"https:\/\/www.mined.gob.ni\/mapadelaeducacion\/escuelas-normales-de-formacion-superior\/\">Escuelas Normales de Formaci\u00f3n Superior<\/a><\/li>\n<\/ul><\/div>\t\t<\/div>\n\t\t\t\t<\/div>\n\t\t\t\t<div class=\"elementor-element elementor-element-6e4bea69 elementor-widget elementor-widget-image\" data-id=\"6e4bea69\" data-element_type=\"widget\" data-widget_type=\"image.default\">\n\t\t\t\t<div class=\"elementor-widget-container\">\n\t\t\t\t\t\t\t\t\t\t\t\t\t\t\t\t<a href=\"https:\/\/serviciosenlinea.mined.gob.ni\/mapa-de-la-educacion\/index.aspx\">\n\t\t\t\t\t\t\t<img loading=\"lazy\" decoding=\"async\" width=\"404\" height=\"384\" src=\"https:\/\/www.mined.gob.ni\/mapadelaeducacion\/wp-content\/uploads\/2021\/08\/mapa.png\" class=\"attachment-large size-large wp-image-1805\" alt=\"\" \/>\t\t\t\t\t\t\t\t<\/a>\n\t\t\t\t\t\t\t\t\t\t\t\t\t\t\t<\/div>\n\t\t\t\t<\/div>\n\t\t\t\t\t<\/div>\n\t\t<\/div>\n\t\t\t\t<div class=\"elementor-column elementor-col-50 elementor-top-column elementor-element elementor-element-1572a8d\" data-id=\"1572a8d\" data-element_type=\"column\">\n\t\t\t<div class=\"elementor-widget-wrap elementor-element-populated\">\n\t\t\t\t\t\t\t\t<div class=\"elementor-element elementor-element-6497192 elementor-widget elementor-widget-gva-gallery\" data-id=\"6497192\" data-element_type=\"widget\" data-widget_type=\"gva-gallery.default\">\n\t\t\t\t<div class=\"elementor-widget-container\">\n\t\t\t<div class=\"gva-element-gva-gallery gva-element\">\r\n<div class=\"gva-gallery-carousel swiper-slider-wrapper style-1 \">\r\n\t<div class=\"swiper-content-inner\">\r\n   \t<div class=\"init-carousel-swiper swiper\" data-carousel=\"{&quot;items&quot;:1,&quot;items_lg&quot;:1,&quot;items_md&quot;:1,&quot;items_sm&quot;:1,&quot;items_xs&quot;:1,&quot;items_xx&quot;:1,&quot;effect&quot;:&quot;slide&quot;,&quot;space_between&quot;:30,&quot;loop&quot;:1,&quot;speed&quot;:600,&quot;autoplay&quot;:1,&quot;autoplay_delay&quot;:4500,&quot;autoplay_hover&quot;:1,&quot;navigation&quot;:1,&quot;pagination&quot;:0,&quot;dynamic_bullets&quot;:0,&quot;pagination_type&quot;:&quot;bullets&quot;}\">\r\n      \t<div class=\"swiper-wrapper\">\r\n\t\t\t\t<div class=\"swiper-slide item\">\r\n<div class=\"gallery-item\">\r\n\r\n               <div class=\"image\">\r\n            <img decoding=\"async\" src=\"https:\/\/www.mined.gob.ni\/mapadelaeducacion\/wp-content\/uploads\/2023\/05\/tecnologia-01.png\" alt=\"\" \/>  \r\n         <\/div>\r\n         <a class=\"photo-gallery\" href=\"https:\/\/www.mined.gob.ni\/mapadelaeducacion\/wp-content\/uploads\/2023\/05\/tecnologia-01.png\" data-elementor-lightbox-slideshow=\"gallery-qjkj\"><\/a>\r\n      \r\n      <div class=\"image-content\">\r\n         <div class=\"content-inner\">\r\n                                 <\/div>   \r\n      <\/div>\r\n\r\n   <\/div>\r\n<\/div><div class=\"swiper-slide item\">\r\n<div class=\"gallery-item\">\r\n\r\n               <div class=\"image\">\r\n            <img decoding=\"async\" src=\"https:\/\/www.mined.gob.ni\/mapadelaeducacion\/wp-content\/uploads\/2023\/05\/tecnologia-02.png\" alt=\"\" \/>  \r\n         <\/div>\r\n         <a class=\"photo-gallery\" href=\"https:\/\/www.mined.gob.ni\/mapadelaeducacion\/wp-content\/uploads\/2023\/05\/tecnologia-02.png\" data-elementor-lightbox-slideshow=\"gallery-qjkj\"><\/a>\r\n      \r\n      <div class=\"image-content\">\r\n         <div class=\"content-inner\">\r\n                                 <\/div>   \r\n      <\/div>\r\n\r\n   <\/div>\r\n<\/div><div class=\"swiper-slide item\">\r\n<div class=\"gallery-item\">\r\n\r\n               <div class=\"image\">\r\n            <img decoding=\"async\" src=\"https:\/\/www.mined.gob.ni\/mapadelaeducacion\/wp-content\/uploads\/2023\/05\/tecnologia-03.png\" alt=\"\" \/>  \r\n         <\/div>\r\n         <a class=\"photo-gallery\" href=\"https:\/\/www.mined.gob.ni\/mapadelaeducacion\/wp-content\/uploads\/2023\/05\/tecnologia-03.png\" data-elementor-lightbox-slideshow=\"gallery-qjkj\"><\/a>\r\n      \r\n      <div class=\"image-content\">\r\n         <div class=\"content-inner\">\r\n                                 <\/div>   \r\n      <\/div>\r\n\r\n   <\/div>\r\n<\/div><div class=\"swiper-slide item\">\r\n<div class=\"gallery-item\">\r\n\r\n               <div class=\"image\">\r\n            <img decoding=\"async\" src=\"https:\/\/www.mined.gob.ni\/mapadelaeducacion\/wp-content\/uploads\/2023\/05\/tecnologia-04.png\" alt=\"\" \/>  \r\n         <\/div>\r\n         <a class=\"photo-gallery\" href=\"https:\/\/www.mined.gob.ni\/mapadelaeducacion\/wp-content\/uploads\/2023\/05\/tecnologia-04.png\" data-elementor-lightbox-slideshow=\"gallery-qjkj\"><\/a>\r\n      \r\n      <div class=\"image-content\">\r\n         <div class=\"content-inner\">\r\n                                 <\/div>   \r\n      <\/div>\r\n\r\n   <\/div>\r\n<\/div><div class=\"swiper-slide item\">\r\n<div class=\"gallery-item\">\r\n\r\n               <div class=\"image\">\r\n            <img decoding=\"async\" src=\"https:\/\/www.mined.gob.ni\/mapadelaeducacion\/wp-content\/uploads\/2023\/05\/tecnologia-05.png\" alt=\"\" \/>  \r\n         <\/div>\r\n         <a class=\"photo-gallery\" href=\"https:\/\/www.mined.gob.ni\/mapadelaeducacion\/wp-content\/uploads\/2023\/05\/tecnologia-05.png\" data-elementor-lightbox-slideshow=\"gallery-qjkj\"><\/a>\r\n      \r\n      <div class=\"image-content\">\r\n         <div class=\"content-inner\">\r\n                                 <\/div>   \r\n      <\/div>\r\n\r\n   <\/div>\r\n<\/div>\t\t\t<\/div>\r\n\t\t<\/div>\r\n\t<\/div>\r\n\t<div class=\"swiper-pagination\"><\/div>   <div class=\"swiper-nav-next\"><\/div><div class=\"swiper-nav-prev\"><\/div><\/div>\r\n<\/div>\t\t<\/div>\n\t\t\t\t<\/div>\n\t\t\t\t<div class=\"elementor-element elementor-element-391c5570 elementor-widget elementor-widget-heading\" data-id=\"391c5570\" data-element_type=\"widget\" data-widget_type=\"heading.default\">\n\t\t\t\t<div class=\"elementor-widget-container\">\n\t\t\t<style>\/*! elementor - v3.12.1 - 02-04-2023 *\/\n.elementor-heading-title{padding:0;margin:0;line-height:1}.elementor-widget-heading .elementor-heading-title[class*=elementor-size-]>a{color:inherit;font-size:inherit;line-height:inherit}.elementor-widget-heading .elementor-heading-title.elementor-size-small{font-size:15px}.elementor-widget-heading .elementor-heading-title.elementor-size-medium{font-size:19px}.elementor-widget-heading .elementor-heading-title.elementor-size-large{font-size:29px}.elementor-widget-heading .elementor-heading-title.elementor-size-xl{font-size:39px}.elementor-widget-heading .elementor-heading-title.elementor-size-xxl{font-size:59px}<\/style><h2 class=\"elementor-heading-title elementor-size-default\">TECNOLOG\u00cdA EDUCATIVA <\/h2>\t\t<\/div>\n\t\t\t\t<\/div>\n\t\t\t\t<div class=\"elementor-element elementor-element-2157959f elementor-widget elementor-widget-spacer\" data-id=\"2157959f\" data-element_type=\"widget\" data-widget_type=\"spacer.default\">\n\t\t\t\t<div class=\"elementor-widget-container\">\n\t\t\t<style>\/*! elementor - v3.12.1 - 02-04-2023 *\/\n.elementor-column .elementor-spacer-inner{height:var(--spacer-size)}.e-con{--container-widget-width:100%}.e-con-inner>.elementor-widget-spacer,.e-con>.elementor-widget-spacer{width:var(--container-widget-width,var(--spacer-size));--align-self:var(--container-widget-align-self,initial);--flex-shrink:0}.e-con-inner>.elementor-widget-spacer>.elementor-widget-container,.e-con-inner>.elementor-widget-spacer>.elementor-widget-container>.elementor-spacer,.e-con>.elementor-widget-spacer>.elementor-widget-container,.e-con>.elementor-widget-spacer>.elementor-widget-container>.elementor-spacer{height:100%}.e-con-inner>.elementor-widget-spacer>.elementor-widget-container>.elementor-spacer>.elementor-spacer-inner,.e-con>.elementor-widget-spacer>.elementor-widget-container>.elementor-spacer>.elementor-spacer-inner{height:var(--container-widget-height,var(--spacer-size))}<\/style>\t\t<div class=\"elementor-spacer\">\n\t\t\t<div class=\"elementor-spacer-inner\"><\/div>\n\t\t<\/div>\n\t\t\t\t<\/div>\n\t\t\t\t<\/div>\n\t\t\t\t<div class=\"elementor-element elementor-element-5f7bf093 elementor-widget elementor-widget-text-editor\" data-id=\"5f7bf093\" data-element_type=\"widget\" data-widget_type=\"text-editor.default\">\n\t\t\t\t<div class=\"elementor-widget-container\">\n\t\t\t<style>\/*! elementor - v3.12.1 - 02-04-2023 *\/\n.elementor-widget-text-editor.elementor-drop-cap-view-stacked .elementor-drop-cap{background-color:#69727d;color:#fff}.elementor-widget-text-editor.elementor-drop-cap-view-framed .elementor-drop-cap{color:#69727d;border:3px solid;background-color:transparent}.elementor-widget-text-editor:not(.elementor-drop-cap-view-default) .elementor-drop-cap{margin-top:8px}.elementor-widget-text-editor:not(.elementor-drop-cap-view-default) .elementor-drop-cap-letter{width:1em;height:1em}.elementor-widget-text-editor .elementor-drop-cap{float:left;text-align:center;line-height:1;font-size:50px}.elementor-widget-text-editor .elementor-drop-cap-letter{display:inline-block}<\/style>\t\t\t\t<p style=\"text-align: justify;\">Las \u201cTecnolog\u00edas de informaci\u00f3n y comunicaci\u00f3n\u201d, (TIC) surgen como una necesidad para la formaci\u00f3n integral y de calidad de ni\u00f1as, ni\u00f1os, adolescentes, j\u00f3venes y adultos.\u00a0 Siendo las TIC, eje transversal en el curr\u00edculo, fortaleciendo la gesti\u00f3n educativa y pedag\u00f3gica, que facilitan el acceso e intercambio de informaci\u00f3n y comunicaci\u00f3n, as\u00ed mismo, sirven como herramienta para el desarrollo profesional docente, los procesos de aprendizaje y el desarrollo de habilidades en los estudiantes, incentivando la curiosidad cient\u00edfica y motivaci\u00f3n de los estudiantes para Aprender, Emprender y Prosperar.<\/p>\n<p style=\"text-align: justify;\">Lo que ha conllevado a la implementaci\u00f3n de una serie de acciones referidas a la dotaci\u00f3n, capacitaci\u00f3n a docentes y la producci\u00f3n de materiales multimedia contextualizados que contribuyan a la incorporaci\u00f3n, aprovechamiento y uso adecuado y responsable de la tecnolog\u00eda en el aprendizaje en las diferentes modalidades de estudio.<\/p>\n<p style=\"text-align: justify;\">Los Modelos de integraci\u00f3n de Tecnolog\u00edas que se han implementado durante el per\u00edodo del 2007 hasta 2023, han sido:<\/p>\n<p style=\"text-align: justify;\"><strong><em>Modelo de integraci\u00f3n de Tecnolog\u00edas Fijas:<\/em><\/strong> utilizaci\u00f3n de computadoras de escritorio, requiriendo para su implementaci\u00f3n un espacio f\u00edsico, en este sentido se inici\u00f3 con este modelo en 64 Centros de Tecnolog\u00eda Educativa (CTE): aulas donde se instalaron computadoras fijas, con acceso a Internet, avanzando en el 2012 la dotaci\u00f3n a 134 Institutos de Secundaria.\n\n<p style=\"text-align: justify;\"><strong><em>Modelo de integraci\u00f3n de Tecnolog\u00edas M\u00f3viles: <\/em><\/strong>Tecnolog\u00edas que se trasladan a las aulas de Clases, no requiere espacio f\u00edsico, ya que por sus caracter\u00edsticas se desplazan a cualquier espacio de aprendizaje, este modelo inicia en el a\u00f1o 2015, con la dotaci\u00f3n de 790 Aulas Digitales M\u00f3viles a 742 centros educativos que atienden la modalidad de Secundaria.\u00a0 As\u00ed mismo, en este per\u00edodo en el que evolucionamos en cuanto a Modelo de integraci\u00f3n, se introduce la Rob\u00f3tica Educativa con la dotaci\u00f3n de Kit de Rob\u00f3tica en Institutos Educativos de Secundaria Regular, cuyo modelo ha permitido llegar a centros educativos de zonas rurales.\n<p style=\"text-align: justify;\">Los centros educativos se han dotado con equipos tecnol\u00f3gicos y acceso a internet a fin que docentes y estudiantes accedan a la herramienta educativa: Portal Educativo Nicaragua Educa, enlace: <a href=\"https:\/\/nicaraguaeduca.mined.gob.ni\/\"><strong>https:\/\/nicaraguaeduca.mined.gob.ni\/<\/strong><\/a><strong>, \u00a0<\/strong>el que dispone de:<\/p>\n\n<ul>\n \t<li><strong>Plataformas Educativas<\/strong>: Tecnoaprendizaje para prosperar, Podscat Educativo, Internet Seguro y Teleclases que se transmiten a trav\u00e9s de los canales televisivos locales; canal 6 y canal 15, as\u00ed tambi\u00e9n se alojan materiales pedag\u00f3gicos, gu\u00edas metodol\u00f3gicas, orientaciones para madres y padres de familia, recursos multimedia y materiales digitales.<\/li>\n \t<li><strong>Plataformas Formativas<\/strong>: Campus MINED acceso: <a href=\"https:\/\/campus.mined.edu.ni\/\">https:\/\/campus.mined.edu.ni\/<\/a>, plataformas que disponen de cursos en formato MOOC que se pueden realizar de forma presencial y en l\u00ednea. Estos cursos est\u00e1n dirigidos a docentes a nivel nacional, con tem\u00e1ticas en Tecnolog\u00eda, Pedagog\u00eda y Cientifica.<\/li>\n<\/ul>\n<ul>\n \t<li><strong>Biblioteca<\/strong>: Se dispone de repositorio para docentes, estudiantes y comunidad con recursos digitales en formato de video, infograf\u00edas, libros digitales, compendios, aplicaciones<\/li>\n<\/ul>\n<p style=\"text-align: justify;\"><strong>Capacitaci\u00f3n a docentes, estudiantes, madres y padres de familia a nivel nacional en temas de Tecnolog\u00eda.<\/strong>\n<p style=\"text-align: justify;\">Se ha avanzado con el fortalecimiento de las competencias digitales de las y los docentes de Primaria y Secundaria, desde el a\u00f1o 2014 con la implementaci\u00f3n de estrategias de cursos cortos de manera presencial en coordinaci\u00f3n con INATEC y cursos MOOC en l\u00ednea.<\/p>\n<p style=\"text-align: justify;\">Se destaca, que adem\u00e1s de los procesos de formaci\u00f3n, los docentes han fortalecido sus competencias con intercambio de experiencias en el uso de las tecnolog\u00edas a trav\u00e9s de Congresos, Foros, Coloquios, Paneles virtuales, Competencias y Ferias los docentes consolidaron competencias digitales en el dominio de plataformas virtuales, logrando impactar en el desarrollo de aprendizaje aut\u00f3nomo, inter\u00e9s por investigar, reforzar y ampliar conocimientos, as\u00ed como innovar de manera creativa y dinamizar la comunicaci\u00f3n asertiva.<\/p>\n<p style=\"text-align: justify;\">Adem\u00e1s se cuenta con Aulas Mentores de capacitaci\u00f3n para maestros, estudiantes y j\u00f3venes de la comunidad ubicados en PAEBANIC y en la Sede Central del MINED.<\/p>\n<p style=\"text-align: justify;\">Ante la pandemia COVID-19, surge la necesidad de implementar una <strong><em>Jornada intensiva de fortalecimiento de Uso de Tecnolog\u00eda para el aprendizaje del siglo XXI<\/em><\/strong> logrando capacitar a 25,154 Docentes fortalecidos sobre Aprendizaje l\u00fadico con tecnolog\u00eda Digital, Creaci\u00f3n de actividades educativas multimedia, Curso Gamificando mi aula de clase digital, y Gesti\u00f3n de los aprendizajes en el aula virtual.<\/p>\n<strong><em>Cultura y uso de Tecnolog\u00edas Educativas <\/em><\/strong>\n\n<p style=\"text-align: justify;\"><strong><em>\u00a0<\/em><\/strong>Para garantizar una cultura de uso de las Tecnolog\u00edas Educativas, se avanz\u00f3 con la vinculaci\u00f3n de los contenidos de estudios con programas complementarios de Tecnolog\u00edas y aprovechamiento de las potencialidades del internet, espec\u00edficamente con la asignatura de Aprender, Emprender, Prosperar a trav\u00e9s de la incorporaci\u00f3n del uso de Tecnolog\u00eda con el tema de Competencias Digitales, en la Unidad referida a la elaboraci\u00f3n de \u201cMi Idea Emprendedora\u201d.\u00a0 De igual manera, se avanz\u00f3 con la vinculaci\u00f3n de contenidos cient\u00edficos de la asignatura de F\u00edsica con Rob\u00f3tica Verde en la reutilizaci\u00f3n de materiales del medio (piezas de aparatos electr\u00f3nicos, electrodom\u00e9sticos y de oficina) que no se usen, pero que est\u00e9n en \u00f3ptimas condiciones, para la construcci\u00f3n de mecanismos rob\u00f3ticos que den soluci\u00f3n a una problem\u00e1tica planteada, los estudiantes aplicaron los conocimientos con el desarrollo de proyectos cient\u00edficos innovadores y con ideas emprendedoras en Feria de Ciencia y Tecnolog\u00eda.\n<p style=\"text-align: justify;\">A \u00a0fin de dar respuesta a la disposici\u00f3n de materiales did\u00e1cticos digitales nacionales, se implement\u00f3 un plan de acci\u00f3n para la producci\u00f3n de 3,680 Teleclases de los programas Televisivos en coordinaci\u00f3n con canal 6 y 15: Me gusta mi Escuela, Barriguita Llena, Tecno Educa, Educaci\u00f3n que Enamora, Video clases de ingl\u00e9s de Multigrado, c\u00e1psulas educativas y c\u00e1psulas informativas con contenido referido a Fiestas Patrias, Audio para cuentos de Educaci\u00f3n Inicial,\u00a0 logrando llegar a comunidades lejanas con estos recursos digitales.<\/p>\n<p style=\"text-align: justify;\">Asimismo, se avanz\u00f3 con la elaboraci\u00f3n de 13 materiales digitales sobre el uso de TIC: Software Identidad Cultural Nicarag\u00fcense; Internet, Nuevo Recurso para la Educaci\u00f3n, Manual ABC del Computador; Software ABC del Computador; Manual ABC computadoras XO, Orientaciones metodol\u00f3gicas para el uso de c\u00e1mara digital; Orientaciones metodol\u00f3gicas para el uso de recursos TIC, Normativa de uso de las Aulas Digitales M\u00f3viles y Orientaciones para el uso de software educativo.<\/p>\n&nbsp;\t\t\t\t\t\t<\/div>\n\t\t\t\t<\/div>\n\t\t\t\t\t<\/div>\n\t\t<\/div>\n\t\t\t\t\t\t\t<\/div>\n\t\t<\/section>\n\t\t\t\t\t\t\t<\/div>\n\t\t","protected":false},"excerpt":{"rendered":"<p>TECNOLOG\u00cdA EDUCATIVA Las \u201cTecnolog\u00edas de informaci\u00f3n y comunicaci\u00f3n\u201d, (TIC) surgen como una necesidad para la formaci\u00f3n integral y de calidad de ni\u00f1as, ni\u00f1os, adolescentes, j\u00f3venes y adultos.\u00a0 Siendo las TIC, eje transversal en el curr\u00edculo, fortaleciendo la gesti\u00f3n educativa y pedag\u00f3gica, que facilitan el acceso e intercambio de informaci\u00f3n y comunicaci\u00f3n, as\u00ed mismo, sirven como [&hellip;]<\/p>\n","protected":false},"author":1,"featured_media":0,"parent":0,"menu_order":0,"comment_status":"closed","ping_status":"closed","template":"","meta":{"footnotes":""},"class_list":["post-2169","page","type-page","status-publish","hentry"],"_links":{"self":[{"href":"https:\/\/www.mined.gob.ni\/mapadelaeducacion\/wp-json\/wp\/v2\/pages\/2169","targetHints":{"allow":["GET"]}}],"collection":[{"href":"https:\/\/www.mined.gob.ni\/mapadelaeducacion\/wp-json\/wp\/v2\/pages"}],"about":[{"href":"https:\/\/www.mined.gob.ni\/mapadelaeducacion\/wp-json\/wp\/v2\/types\/page"}],"author":[{"embeddable":true,"href":"https:\/\/www.mined.gob.ni\/mapadelaeducacion\/wp-json\/wp\/v2\/users\/1"}],"replies":[{"embeddable":true,"href":"https:\/\/www.mined.gob.ni\/mapadelaeducacion\/wp-json\/wp\/v2\/comments?post=2169"}],"version-history":[{"count":40,"href":"https:\/\/www.mined.gob.ni\/mapadelaeducacion\/wp-json\/wp\/v2\/pages\/2169\/revisions"}],"predecessor-version":[{"id":3355,"href":"https:\/\/www.mined.gob.ni\/mapadelaeducacion\/wp-json\/wp\/v2\/pages\/2169\/revisions\/3355"}],"wp:attachment":[{"href":"https:\/\/www.mined.gob.ni\/mapadelaeducacion\/wp-json\/wp\/v2\/media?parent=2169"}],"curies":[{"name":"wp","href":"https:\/\/api.w.org\/{rel}","templated":true}]}}