{"id":9895,"date":"2022-03-01T15:00:08","date_gmt":"2022-03-01T15:00:08","guid":{"rendered":"https:\/\/www.mined.gob.ni\/mapatradicionesculturapopular\/?page_id=9895"},"modified":"2026-04-17T18:30:26","modified_gmt":"2026-04-17T16:30:26","slug":"musica","status":"publish","type":"page","link":"https:\/\/www.mined.gob.ni\/mapatradicionesculturapopular\/musica\/","title":{"rendered":"Expresiones Musicales"},"content":{"rendered":"\t\t<div data-elementor-type=\"wp-page\" data-elementor-id=\"9895\" class=\"elementor elementor-9895\">\n\t\t\t\t\t\t<section class=\"elementor-section elementor-top-section elementor-element elementor-element-77fa612 elementor-section-boxed elementor-section-height-default elementor-section-height-default\" data-id=\"77fa612\" data-element_type=\"section\">\n\t\t\t\t\t\t<div class=\"elementor-container elementor-column-gap-default\">\n\t\t\t\t\t<div class=\"elementor-column elementor-col-100 elementor-top-column elementor-element elementor-element-8253478\" data-id=\"8253478\" data-element_type=\"column\">\n\t\t\t<div class=\"elementor-widget-wrap elementor-element-populated\">\n\t\t\t\t\t\t<div class=\"elementor-element elementor-element-19a44e8 elementor-widget elementor-widget-heading\" data-id=\"19a44e8\" data-element_type=\"widget\" data-widget_type=\"heading.default\">\n\t\t\t\t<div class=\"elementor-widget-container\">\n\t\t\t<style>\/*! elementor - v3.20.0 - 26-03-2024 *\/\n.elementor-heading-title{padding:0;margin:0;line-height:1}.elementor-widget-heading .elementor-heading-title[class*=elementor-size-]>a{color:inherit;font-size:inherit;line-height:inherit}.elementor-widget-heading .elementor-heading-title.elementor-size-small{font-size:15px}.elementor-widget-heading .elementor-heading-title.elementor-size-medium{font-size:19px}.elementor-widget-heading .elementor-heading-title.elementor-size-large{font-size:29px}.elementor-widget-heading .elementor-heading-title.elementor-size-xl{font-size:39px}.elementor-widget-heading .elementor-heading-title.elementor-size-xxl{font-size:59px}<\/style><h3 class=\"elementor-heading-title elementor-size-default\">Nicaragua y su m\u00fasica folcl\u00f3rica<\/h3>\t\t<\/div>\n\t\t\t\t<\/div>\n\t\t\t\t<div class=\"elementor-element elementor-element-b91b38e elementor-widget elementor-widget-text-editor\" data-id=\"b91b38e\" data-element_type=\"widget\" data-widget_type=\"text-editor.default\">\n\t\t\t\t<div class=\"elementor-widget-container\">\n\t\t\t<style>\/*! elementor - v3.20.0 - 26-03-2024 *\/\n.elementor-widget-text-editor.elementor-drop-cap-view-stacked .elementor-drop-cap{background-color:#69727d;color:#fff}.elementor-widget-text-editor.elementor-drop-cap-view-framed .elementor-drop-cap{color:#69727d;border:3px solid;background-color:transparent}.elementor-widget-text-editor:not(.elementor-drop-cap-view-default) .elementor-drop-cap{margin-top:8px}.elementor-widget-text-editor:not(.elementor-drop-cap-view-default) .elementor-drop-cap-letter{width:1em;height:1em}.elementor-widget-text-editor .elementor-drop-cap{float:left;text-align:center;line-height:1;font-size:50px}.elementor-widget-text-editor .elementor-drop-cap-letter{display:inline-block}<\/style>\t\t\t\t<p align=\"justify\">Nicaragua vive su m\u00fasica entre barreras, pesebres y fiestas patronales, festividades tradicionales, rituales y romer\u00edas. Nuestra m\u00fasica folcl\u00f3rica vienen desde la \u00e9poca precolombina, cuando los Conquistadores espa\u00f1oles invadieron Nicaragua, ya los pueblos ind\u00edgenas ten\u00edan sus piezas de pito de carrizo o de ca\u00f1a, conoc\u00edan el tambor de tronco ahuecado\u00a0 tocado con dos bolillos de madera, tambi\u00e9n pose\u00edan un juco ind\u00edgena, otro instrumento fue el Quijongo, un instrumento de cuerda que se fabrica amarrando un arco de madera con una cuerda estirada sobre la boca de un j\u00edcaro, el arco va amarrado de punta a punta y lo hace doblarse, luego con una varita golpean la cuerda y le sacan m\u00fasica, otro instrumento es el caracol del mar, a las conchas del mar, el instrumento m\u00e1s usado en rituales fue la ocarina, era una especie de pito de barro cocido y de diferentes formas, algunas ocarinas parecen palomita de barro, otros son de figuras de perro, cil\u00edndrica, estos pitos tienen varios orificios y una boquilla.<\/p><p align=\"justify\">En Diriamba, Nindir\u00ed, San Juan de Oriente, Diri\u00e1 y Boaco se utilizaba la m\u00fasica ind\u00edgena de pito y tambor, en la actualidad la m\u00fasica ind\u00edgena sobrevive en Diriamba en el baile del Toro Huaco y El Gigante.<\/p><p align=\"justify\">El son de toros o de cachos ejecutado por las Bandas filarm\u00f3nicas, la m\u00fasica de mayor arraigo en las fiestas patronales, el son de pascua y el villancico nica, se populariza solo en temporadas navide\u00f1as y luego se vuelve archivar. El son de la marimba de arco invade con armon\u00eda los patios y casas de la ciudad de Masaya todo el tiempo.<\/p><p align=\"justify\">Los sones de toros o de cachos se desarrollan en M\u00e9xico desde 1803 principalmente en Veracruz- afirma el investigador cultural y escritor Armando Zambrana Fonseca. Mientras don Salvador Cardenal, music\u00f3logo, afirma que el jarabe o los jarabes musicales mexicanos tienen una clara influencia en nuestros sones de marimba, hasta desembocar en el corrido que tuvo como antecesor el romance espa\u00f1ol. Canciones como Palomita Guasiruca, El Zopilote, el garrobo, el Zanatillo y do\u00f1a sapa son verdaderos sones folcl\u00f3ricos, sin autor, pero son en su compas musical se consideran sones.<\/p><p align=\"justify\">Estas canciones y piezas instrumentales son interpretadas con varios instrumentos: guitarra, acorde\u00f3n, mandolina, marimba, viol\u00edn, guitarrilla, tambor, entre otros instrumentos, a veces a dos guitarras solas y otras veces con viol\u00edn, guitarra y acorde\u00f3n, mandolina y guitarra. Lo fundamental en la canci\u00f3n o expresi\u00f3n folcl\u00f3rica es que no tiene autor, mantiene su popularidad en el tiempo, la conservaron de generaci\u00f3n en generaci\u00f3n de ah\u00ed viene su tradicionalidad y su empirismo es total.<\/p><p align=\"justify\">En este mapa de la tradici\u00f3n nacional del arte y la cultura popular nicarag\u00fcense encontrara una pesta\u00f1a con las expresiones musicales donde est\u00e1n m\u00e1s 500 canciones folcl\u00f3ricas, entre cantadas en la voz del artista campesino, un aut\u00e9ntico guardador de la tradici\u00f3n musical, y otras interpretadas sin textos solo m\u00fasica, todas llenas de ternura y ensue\u00f1o.<\/p><p align=\"justify\">Presentamos m\u00fasica misquita de la RACCN, m\u00fasica del norte segoviano, canciones folcl\u00f3ricas con el Trio hist\u00f3rico Los Bisturices Arm\u00f3nicos incluyendo un registro hist\u00f3rico grabado por el Doctor Cesar Ram\u00edrez, miembro de los Bisturices se trata del primer festival de m\u00fasica campesina que se realiz\u00f3 en Sacacli, departamento de Jinotega, en febrero de 1976.<\/p><p align=\"justify\">Oir\u00e1 piezas tropicales del Palo de Mayo de Bluefields, los sones de marimbas de arco, las mazurcas, zapateados, polkas y valses de Estel\u00ed, los sones del Toro Huaco y El Gigante de Diriamba, encontrar\u00e1 completo el \u00e1lbum m\u00fasica y canto de Don Salvador Cardenal Arguello: Nicaragua M\u00fasica y Canto, el primer recopilador moderno del folclore nicarag\u00fcense.<\/p><p align=\"justify\">Esta riqueza musical en el mapa de la tradici\u00f3n constituye un gran aporte a la cultura popular, pueden ser consultados por folkloristas, historiadores, docentes, estudiantes de arte, turistas, aqu\u00ed est\u00e1 la cultura musical de Nicaragua y su tradici\u00f3n al alcance de un click.<\/p>\t\t\t\t\t\t<\/div>\n\t\t\t\t<\/div>\n\t\t\t\t\t<\/div>\n\t\t<\/div>\n\t\t\t\t\t<\/div>\n\t\t<\/section>\n\t\t\t\t<section class=\"elementor-section elementor-top-section elementor-element elementor-element-652c0b7 elementor-section-boxed elementor-section-height-default elementor-section-height-default\" data-id=\"652c0b7\" data-element_type=\"section\">\n\t\t\t\t\t\t<div class=\"elementor-container elementor-column-gap-default\">\n\t\t\t\t\t<div class=\"elementor-column elementor-col-25 elementor-top-column elementor-element elementor-element-1fd3e38\" data-id=\"1fd3e38\" data-element_type=\"column\">\n\t\t\t<div class=\"elementor-widget-wrap elementor-element-populated\">\n\t\t\t\t\t\t<div class=\"elementor-element elementor-element-fb49e78 elementor-widget elementor-widget-image\" data-id=\"fb49e78\" data-element_type=\"widget\" data-widget_type=\"image.default\">\n\t\t\t\t<div class=\"elementor-widget-container\">\n\t\t\t<style>\/*! elementor - v3.20.0 - 26-03-2024 *\/\n.elementor-widget-image{text-align:center}.elementor-widget-image a{display:inline-block}.elementor-widget-image a img[src$=\".svg\"]{width:48px}.elementor-widget-image img{vertical-align:middle;display:inline-block}<\/style>\t\t\t\t\t\t\t\t\t\t<img fetchpriority=\"high\" decoding=\"async\" width=\"330\" height=\"245\" src=\"https:\/\/www.mined.gob.ni\/mapatradicionesculturapopular\/wp-content\/uploads\/2024\/06\/adan-hernandez_11zon.webp\" class=\"attachment-full size-full wp-image-16279\" alt=\"\" \/>\t\t\t\t\t\t\t\t\t\t\t\t\t<\/div>\n\t\t\t\t<\/div>\n\t\t\t\t<div class=\"elementor-element elementor-element-0dd8abc elementor-widget elementor-widget-text-editor\" data-id=\"0dd8abc\" data-element_type=\"widget\" data-widget_type=\"text-editor.default\">\n\t\t\t\t<div class=\"elementor-widget-container\">\n\t\t\t\t\t\t\t<p style=\"text-align: center;\">Ad\u00e1n Hern\u00e1ndez<\/p>\t\t\t\t\t\t<\/div>\n\t\t\t\t<\/div>\n\t\t\t\t\t<\/div>\n\t\t<\/div>\n\t\t\t\t<div class=\"elementor-column elementor-col-25 elementor-top-column elementor-element elementor-element-fec001d\" data-id=\"fec001d\" data-element_type=\"column\">\n\t\t\t<div class=\"elementor-widget-wrap elementor-element-populated\">\n\t\t\t\t\t\t<div class=\"elementor-element elementor-element-5419c6d elementor-widget elementor-widget-image\" data-id=\"5419c6d\" data-element_type=\"widget\" data-widget_type=\"image.default\">\n\t\t\t\t<div class=\"elementor-widget-container\">\n\t\t\t\t\t\t\t\t\t\t\t\t\t<img decoding=\"async\" width=\"330\" height=\"245\" src=\"https:\/\/www.mined.gob.ni\/mapatradicionesculturapopular\/wp-content\/uploads\/2024\/06\/musica_16_11zon.webp\" class=\"attachment-full size-full wp-image-16280\" alt=\"\" \/>\t\t\t\t\t\t\t\t\t\t\t\t\t<\/div>\n\t\t\t\t<\/div>\n\t\t\t\t<div class=\"elementor-element elementor-element-02bf2e0 elementor-widget elementor-widget-text-editor\" data-id=\"02bf2e0\" data-element_type=\"widget\" data-widget_type=\"text-editor.default\">\n\t\t\t\t<div class=\"elementor-widget-container\">\n\t\t\t\t\t\t\t<p style=\"text-align: center;\">Arturo Ponce<\/p>\t\t\t\t\t\t<\/div>\n\t\t\t\t<\/div>\n\t\t\t\t\t<\/div>\n\t\t<\/div>\n\t\t\t\t<div class=\"elementor-column elementor-col-25 elementor-top-column elementor-element elementor-element-1a33cf0\" data-id=\"1a33cf0\" data-element_type=\"column\">\n\t\t\t<div class=\"elementor-widget-wrap elementor-element-populated\">\n\t\t\t\t\t\t<div class=\"elementor-element elementor-element-0ba00f1 elementor-widget elementor-widget-image\" data-id=\"0ba00f1\" data-element_type=\"widget\" data-widget_type=\"image.default\">\n\t\t\t\t<div class=\"elementor-widget-container\">\n\t\t\t\t\t\t\t\t\t\t\t\t\t<img decoding=\"async\" width=\"330\" height=\"245\" src=\"https:\/\/www.mined.gob.ni\/mapatradicionesculturapopular\/wp-content\/uploads\/2024\/06\/banda-filarmonica_1_11zon.webp\" class=\"attachment-full size-full wp-image-16281\" alt=\"\" \/>\t\t\t\t\t\t\t\t\t\t\t\t\t<\/div>\n\t\t\t\t<\/div>\n\t\t\t\t<div class=\"elementor-element elementor-element-4d810b5 elementor-widget elementor-widget-text-editor\" data-id=\"4d810b5\" data-element_type=\"widget\" data-widget_type=\"text-editor.default\">\n\t\t\t\t<div class=\"elementor-widget-container\">\n\t\t\t\t\t\t\t<p style=\"text-align: center;\">Banda Filarm\u00f3nica R\u00edos<\/p>\t\t\t\t\t\t<\/div>\n\t\t\t\t<\/div>\n\t\t\t\t\t<\/div>\n\t\t<\/div>\n\t\t\t\t<div class=\"elementor-column elementor-col-25 elementor-top-column elementor-element elementor-element-0218ff1\" data-id=\"0218ff1\" data-element_type=\"column\">\n\t\t\t<div class=\"elementor-widget-wrap elementor-element-populated\">\n\t\t\t\t\t\t<div class=\"elementor-element elementor-element-a89403c elementor-widget elementor-widget-image\" data-id=\"a89403c\" data-element_type=\"widget\" data-widget_type=\"image.default\">\n\t\t\t\t<div class=\"elementor-widget-container\">\n\t\t\t\t\t\t\t\t\t\t\t\t\t<img loading=\"lazy\" decoding=\"async\" width=\"262\" height=\"195\" src=\"https:\/\/www.mined.gob.ni\/mapatradicionesculturapopular\/wp-content\/uploads\/2024\/06\/Sin-titulo-1_22_11zon.webp\" class=\"attachment-full size-full wp-image-16282\" alt=\"\" \/>\t\t\t\t\t\t\t\t\t\t\t\t\t<\/div>\n\t\t\t\t<\/div>\n\t\t\t\t<div class=\"elementor-element elementor-element-afc274a elementor-widget elementor-widget-text-editor\" data-id=\"afc274a\" data-element_type=\"widget\" data-widget_type=\"text-editor.default\">\n\t\t\t\t<div class=\"elementor-widget-container\">\n\t\t\t\t\t\t\t<p style=\"text-align: center;\">Barbaros del Ritmo de Bluefields<\/p>\t\t\t\t\t\t<\/div>\n\t\t\t\t<\/div>\n\t\t\t\t\t<\/div>\n\t\t<\/div>\n\t\t\t\t\t<\/div>\n\t\t<\/section>\n\t\t\t\t<section class=\"elementor-section elementor-top-section elementor-element elementor-element-b31f25a elementor-section-boxed elementor-section-height-default elementor-section-height-default\" data-id=\"b31f25a\" data-element_type=\"section\">\n\t\t\t\t\t\t<div class=\"elementor-container elementor-column-gap-default\">\n\t\t\t\t\t<div class=\"elementor-column elementor-col-25 elementor-top-column elementor-element elementor-element-8a13a38\" data-id=\"8a13a38\" data-element_type=\"column\">\n\t\t\t<div class=\"elementor-widget-wrap elementor-element-populated\">\n\t\t\t\t\t\t<div class=\"elementor-element elementor-element-05f415b elementor-widget elementor-widget-image\" data-id=\"05f415b\" data-element_type=\"widget\" data-widget_type=\"image.default\">\n\t\t\t\t<div class=\"elementor-widget-container\">\n\t\t\t\t\t\t\t\t\t\t\t\t\t<img loading=\"lazy\" decoding=\"async\" width=\"326\" height=\"332\" src=\"https:\/\/www.mined.gob.ni\/mapatradicionesculturapopular\/wp-content\/uploads\/2024\/06\/Don-Mercho-y-sus-muchachos_2_11zon.webp\" class=\"attachment-full size-full wp-image-16283\" alt=\"\" \/>\t\t\t\t\t\t\t\t\t\t\t\t\t<\/div>\n\t\t\t\t<\/div>\n\t\t\t\t<div class=\"elementor-element elementor-element-bf63e4d elementor-widget elementor-widget-text-editor\" data-id=\"bf63e4d\" data-element_type=\"widget\" data-widget_type=\"text-editor.default\">\n\t\t\t\t<div class=\"elementor-widget-container\">\n\t\t\t\t\t\t\t<p style=\"text-align: center;\">Don Mercho y sus muchachos<\/p>\t\t\t\t\t\t<\/div>\n\t\t\t\t<\/div>\n\t\t\t\t\t<\/div>\n\t\t<\/div>\n\t\t\t\t<div class=\"elementor-column elementor-col-25 elementor-top-column elementor-element elementor-element-ddd4029\" data-id=\"ddd4029\" data-element_type=\"column\">\n\t\t\t<div class=\"elementor-widget-wrap elementor-element-populated\">\n\t\t\t\t\t\t<div class=\"elementor-element elementor-element-7407e2a elementor-widget elementor-widget-image\" data-id=\"7407e2a\" data-element_type=\"widget\" data-widget_type=\"image.default\">\n\t\t\t\t<div class=\"elementor-widget-container\">\n\t\t\t\t\t\t\t\t\t\t\t\t\t<img loading=\"lazy\" decoding=\"async\" width=\"326\" height=\"332\" src=\"https:\/\/www.mined.gob.ni\/mapatradicionesculturapopular\/wp-content\/uploads\/2024\/06\/El-saber-del-pueblo_3_11zon.webp\" class=\"attachment-full size-full wp-image-16284\" alt=\"\" \/>\t\t\t\t\t\t\t\t\t\t\t\t\t<\/div>\n\t\t\t\t<\/div>\n\t\t\t\t<div class=\"elementor-element elementor-element-638255d elementor-widget elementor-widget-text-editor\" data-id=\"638255d\" data-element_type=\"widget\" data-widget_type=\"text-editor.default\">\n\t\t\t\t<div class=\"elementor-widget-container\">\n\t\t\t\t\t\t\t<p style=\"text-align: center;\">El saber del pueblo<\/p>\t\t\t\t\t\t<\/div>\n\t\t\t\t<\/div>\n\t\t\t\t\t<\/div>\n\t\t<\/div>\n\t\t\t\t<div class=\"elementor-column elementor-col-25 elementor-top-column elementor-element elementor-element-a7c6364\" data-id=\"a7c6364\" data-element_type=\"column\">\n\t\t\t<div class=\"elementor-widget-wrap elementor-element-populated\">\n\t\t\t\t\t\t<div class=\"elementor-element elementor-element-13833c7 elementor-widget elementor-widget-image\" data-id=\"13833c7\" data-element_type=\"widget\" data-widget_type=\"image.default\">\n\t\t\t\t<div class=\"elementor-widget-container\">\n\t\t\t\t\t\t\t\t\t\t\t\t\t<img loading=\"lazy\" decoding=\"async\" width=\"326\" height=\"332\" src=\"https:\/\/www.mined.gob.ni\/mapatradicionesculturapopular\/wp-content\/uploads\/2024\/06\/Felipe-Urrutia_4_11zon.webp\" class=\"attachment-full size-full wp-image-16285\" alt=\"\" \/>\t\t\t\t\t\t\t\t\t\t\t\t\t<\/div>\n\t\t\t\t<\/div>\n\t\t\t\t<div class=\"elementor-element elementor-element-8b69f02 elementor-widget elementor-widget-text-editor\" data-id=\"8b69f02\" data-element_type=\"widget\" data-widget_type=\"text-editor.default\">\n\t\t\t\t<div class=\"elementor-widget-container\">\n\t\t\t\t\t\t\t<p style=\"text-align: center;\">Felipe Urrutia<\/p>\t\t\t\t\t\t<\/div>\n\t\t\t\t<\/div>\n\t\t\t\t\t<\/div>\n\t\t<\/div>\n\t\t\t\t<div class=\"elementor-column elementor-col-25 elementor-top-column elementor-element elementor-element-b0976b6\" data-id=\"b0976b6\" data-element_type=\"column\">\n\t\t\t<div class=\"elementor-widget-wrap elementor-element-populated\">\n\t\t\t\t\t\t<div class=\"elementor-element elementor-element-f1c27c3 elementor-widget elementor-widget-image\" data-id=\"f1c27c3\" data-element_type=\"widget\" data-widget_type=\"image.default\">\n\t\t\t\t<div class=\"elementor-widget-container\">\n\t\t\t\t\t\t\t\t\t\t\t\t\t<img loading=\"lazy\" decoding=\"async\" width=\"326\" height=\"332\" src=\"https:\/\/www.mined.gob.ni\/mapatradicionesculturapopular\/wp-content\/uploads\/2024\/06\/Festival-de-Sacacli-en-Jinotega-Febrero-1976_5_11zon.webp\" class=\"attachment-full size-full wp-image-16286\" alt=\"\" \/>\t\t\t\t\t\t\t\t\t\t\t\t\t<\/div>\n\t\t\t\t<\/div>\n\t\t\t\t<div class=\"elementor-element elementor-element-6edaadd elementor-widget elementor-widget-text-editor\" data-id=\"6edaadd\" data-element_type=\"widget\" data-widget_type=\"text-editor.default\">\n\t\t\t\t<div class=\"elementor-widget-container\">\n\t\t\t\t\t\t\t<p style=\"text-align: center;\">Festival de Sacacl\u00ed en Jinotega (Febrero 1976)<\/p>\t\t\t\t\t\t<\/div>\n\t\t\t\t<\/div>\n\t\t\t\t\t<\/div>\n\t\t<\/div>\n\t\t\t\t\t<\/div>\n\t\t<\/section>\n\t\t\t\t<section class=\"elementor-section elementor-top-section elementor-element elementor-element-07774dc elementor-section-boxed elementor-section-height-default elementor-section-height-default\" data-id=\"07774dc\" data-element_type=\"section\">\n\t\t\t\t\t\t<div class=\"elementor-container elementor-column-gap-default\">\n\t\t\t\t\t<div class=\"elementor-column elementor-col-25 elementor-top-column elementor-element elementor-element-7adeaf3\" data-id=\"7adeaf3\" data-element_type=\"column\">\n\t\t\t<div class=\"elementor-widget-wrap elementor-element-populated\">\n\t\t\t\t\t\t<div class=\"elementor-element elementor-element-99e50a5 elementor-widget elementor-widget-image\" data-id=\"99e50a5\" data-element_type=\"widget\" data-widget_type=\"image.default\">\n\t\t\t\t<div class=\"elementor-widget-container\">\n\t\t\t\t\t\t\t\t\t\t\t\t\t<img loading=\"lazy\" decoding=\"async\" width=\"326\" height=\"332\" src=\"https:\/\/www.mined.gob.ni\/mapatradicionesculturapopular\/wp-content\/uploads\/2024\/06\/Grupo-Ducuale_6_11zon.webp\" class=\"attachment-full size-full wp-image-16287\" alt=\"\" \/>\t\t\t\t\t\t\t\t\t\t\t\t\t<\/div>\n\t\t\t\t<\/div>\n\t\t\t\t<div class=\"elementor-element elementor-element-c09fa8e elementor-widget elementor-widget-text-editor\" data-id=\"c09fa8e\" data-element_type=\"widget\" data-widget_type=\"text-editor.default\">\n\t\t\t\t<div class=\"elementor-widget-container\">\n\t\t\t\t\t\t\t<p style=\"text-align: center;\">Grupo Ducuale<\/p>\t\t\t\t\t\t<\/div>\n\t\t\t\t<\/div>\n\t\t\t\t\t<\/div>\n\t\t<\/div>\n\t\t\t\t<div class=\"elementor-column elementor-col-25 elementor-top-column elementor-element elementor-element-f8018e2\" data-id=\"f8018e2\" data-element_type=\"column\">\n\t\t\t<div class=\"elementor-widget-wrap elementor-element-populated\">\n\t\t\t\t\t\t<div class=\"elementor-element elementor-element-d3261ed elementor-widget elementor-widget-image\" data-id=\"d3261ed\" data-element_type=\"widget\" data-widget_type=\"image.default\">\n\t\t\t\t<div class=\"elementor-widget-container\">\n\t\t\t\t\t\t\t\t\t\t\t\t\t<img loading=\"lazy\" decoding=\"async\" width=\"326\" height=\"332\" src=\"https:\/\/www.mined.gob.ni\/mapatradicionesculturapopular\/wp-content\/uploads\/2024\/06\/Grupo-Tapacali_7_11zon.webp\" class=\"attachment-full size-full wp-image-16288\" alt=\"\" \/>\t\t\t\t\t\t\t\t\t\t\t\t\t<\/div>\n\t\t\t\t<\/div>\n\t\t\t\t<div class=\"elementor-element elementor-element-e5f4fe2 elementor-widget elementor-widget-text-editor\" data-id=\"e5f4fe2\" data-element_type=\"widget\" data-widget_type=\"text-editor.default\">\n\t\t\t\t<div class=\"elementor-widget-container\">\n\t\t\t\t\t\t\t<p style=\"text-align: center;\">Grupo Tapacali<\/p>\t\t\t\t\t\t<\/div>\n\t\t\t\t<\/div>\n\t\t\t\t\t<\/div>\n\t\t<\/div>\n\t\t\t\t<div class=\"elementor-column elementor-col-25 elementor-top-column elementor-element elementor-element-63b010e\" data-id=\"63b010e\" data-element_type=\"column\">\n\t\t\t<div class=\"elementor-widget-wrap elementor-element-populated\">\n\t\t\t\t\t\t<div class=\"elementor-element elementor-element-289b9e0 elementor-widget elementor-widget-image\" data-id=\"289b9e0\" data-element_type=\"widget\" data-widget_type=\"image.default\">\n\t\t\t\t<div class=\"elementor-widget-container\">\n\t\t\t\t\t\t\t\t\t\t\t\t\t<img loading=\"lazy\" decoding=\"async\" width=\"326\" height=\"332\" src=\"https:\/\/www.mined.gob.ni\/mapatradicionesculturapopular\/wp-content\/uploads\/2024\/06\/mandolina_10_11zon.webp\" class=\"attachment-full size-full wp-image-16289\" alt=\"\" \/>\t\t\t\t\t\t\t\t\t\t\t\t\t<\/div>\n\t\t\t\t<\/div>\n\t\t\t\t<div class=\"elementor-element elementor-element-436a6dd elementor-widget elementor-widget-text-editor\" data-id=\"436a6dd\" data-element_type=\"widget\" data-widget_type=\"text-editor.default\">\n\t\t\t\t<div class=\"elementor-widget-container\">\n\t\t\t\t\t\t\t<p style=\"text-align: center;\">La mandolina y su Grupo<\/p>\t\t\t\t\t\t<\/div>\n\t\t\t\t<\/div>\n\t\t\t\t\t<\/div>\n\t\t<\/div>\n\t\t\t\t<div class=\"elementor-column elementor-col-25 elementor-top-column elementor-element elementor-element-1cce235\" data-id=\"1cce235\" data-element_type=\"column\">\n\t\t\t<div class=\"elementor-widget-wrap elementor-element-populated\">\n\t\t\t\t\t\t<div class=\"elementor-element elementor-element-c35d023 elementor-widget elementor-widget-image\" data-id=\"c35d023\" data-element_type=\"widget\" data-widget_type=\"image.default\">\n\t\t\t\t<div class=\"elementor-widget-container\">\n\t\t\t\t\t\t\t\t\t\t\t\t\t<img loading=\"lazy\" decoding=\"async\" width=\"326\" height=\"332\" src=\"https:\/\/www.mined.gob.ni\/mapatradicionesculturapopular\/wp-content\/uploads\/2024\/06\/segovias_20_11zon.webp\" class=\"attachment-full size-full wp-image-16290\" alt=\"\" \/>\t\t\t\t\t\t\t\t\t\t\t\t\t<\/div>\n\t\t\t\t<\/div>\n\t\t\t\t<div class=\"elementor-element elementor-element-777f01e elementor-widget elementor-widget-text-editor\" data-id=\"777f01e\" data-element_type=\"widget\" data-widget_type=\"text-editor.default\">\n\t\t\t\t<div class=\"elementor-widget-container\">\n\t\t\t\t\t\t\t<p style=\"text-align: center;\">La Rondalla Segoviana<\/p>\t\t\t\t\t\t<\/div>\n\t\t\t\t<\/div>\n\t\t\t\t\t<\/div>\n\t\t<\/div>\n\t\t\t\t\t<\/div>\n\t\t<\/section>\n\t\t\t\t<section class=\"elementor-section elementor-top-section elementor-element elementor-element-fe33f02 elementor-section-boxed elementor-section-height-default elementor-section-height-default\" data-id=\"fe33f02\" data-element_type=\"section\">\n\t\t\t\t\t\t<div class=\"elementor-container elementor-column-gap-default\">\n\t\t\t\t\t<div class=\"elementor-column elementor-col-25 elementor-top-column elementor-element elementor-element-00d386b\" data-id=\"00d386b\" data-element_type=\"column\">\n\t\t\t<div class=\"elementor-widget-wrap elementor-element-populated\">\n\t\t\t\t\t\t<div class=\"elementor-element elementor-element-efe26aa elementor-widget elementor-widget-image\" data-id=\"efe26aa\" data-element_type=\"widget\" data-widget_type=\"image.default\">\n\t\t\t\t<div class=\"elementor-widget-container\">\n\t\t\t\t\t\t\t\t\t\t\t\t\t<img loading=\"lazy\" decoding=\"async\" width=\"326\" height=\"332\" src=\"https:\/\/www.mined.gob.ni\/mapatradicionesculturapopular\/wp-content\/uploads\/2024\/06\/Los-Bisturices-Armonicos_8_11zon.webp\" class=\"attachment-full size-full wp-image-16291\" alt=\"\" \/>\t\t\t\t\t\t\t\t\t\t\t\t\t<\/div>\n\t\t\t\t<\/div>\n\t\t\t\t<div class=\"elementor-element elementor-element-b625877 elementor-widget elementor-widget-text-editor\" data-id=\"b625877\" data-element_type=\"widget\" data-widget_type=\"text-editor.default\">\n\t\t\t\t<div class=\"elementor-widget-container\">\n\t\t\t\t\t\t\t<p style=\"text-align: center;\">Los Bisturices Armonicos<\/p>\t\t\t\t\t\t<\/div>\n\t\t\t\t<\/div>\n\t\t\t\t\t<\/div>\n\t\t<\/div>\n\t\t\t\t<div class=\"elementor-column elementor-col-25 elementor-top-column elementor-element elementor-element-ffa793a\" data-id=\"ffa793a\" data-element_type=\"column\">\n\t\t\t<div class=\"elementor-widget-wrap elementor-element-populated\">\n\t\t\t\t\t\t<div class=\"elementor-element elementor-element-929c71f elementor-widget elementor-widget-image\" data-id=\"929c71f\" data-element_type=\"widget\" data-widget_type=\"image.default\">\n\t\t\t\t<div class=\"elementor-widget-container\">\n\t\t\t\t\t\t\t\t\t\t\t\t\t<img loading=\"lazy\" decoding=\"async\" width=\"326\" height=\"332\" src=\"https:\/\/www.mined.gob.ni\/mapatradicionesculturapopular\/wp-content\/uploads\/2024\/06\/mango-ghost_11_11zon.webp\" class=\"attachment-full size-full wp-image-16292\" alt=\"\" \/>\t\t\t\t\t\t\t\t\t\t\t\t\t<\/div>\n\t\t\t\t<\/div>\n\t\t\t\t<div class=\"elementor-element elementor-element-5e2c04c elementor-widget elementor-widget-text-editor\" data-id=\"5e2c04c\" data-element_type=\"widget\" data-widget_type=\"text-editor.default\">\n\t\t\t\t<div class=\"elementor-widget-container\">\n\t\t\t\t\t\t\t<p style=\"text-align: center;\">Mango Ghost<\/p>\t\t\t\t\t\t<\/div>\n\t\t\t\t<\/div>\n\t\t\t\t\t<\/div>\n\t\t<\/div>\n\t\t\t\t<div class=\"elementor-column elementor-col-25 elementor-top-column elementor-element elementor-element-a666c84\" data-id=\"a666c84\" data-element_type=\"column\">\n\t\t\t<div class=\"elementor-widget-wrap elementor-element-populated\">\n\t\t\t\t\t\t<div class=\"elementor-element elementor-element-aa2dc15 elementor-widget elementor-widget-image\" data-id=\"aa2dc15\" data-element_type=\"widget\" data-widget_type=\"image.default\">\n\t\t\t\t<div class=\"elementor-widget-container\">\n\t\t\t\t\t\t\t\t\t\t\t\t\t<img loading=\"lazy\" decoding=\"async\" width=\"326\" height=\"332\" src=\"https:\/\/www.mined.gob.ni\/mapatradicionesculturapopular\/wp-content\/uploads\/2024\/06\/Marimba-Cailagua_12_11zon.webp\" class=\"attachment-full size-full wp-image-16294\" alt=\"\" \/>\t\t\t\t\t\t\t\t\t\t\t\t\t<\/div>\n\t\t\t\t<\/div>\n\t\t\t\t<div class=\"elementor-element elementor-element-51b2bcd elementor-widget elementor-widget-text-editor\" data-id=\"51b2bcd\" data-element_type=\"widget\" data-widget_type=\"text-editor.default\">\n\t\t\t\t<div class=\"elementor-widget-container\">\n\t\t\t\t\t\t\t<p style=\"text-align: center;\">Marimba Cailagua<\/p>\t\t\t\t\t\t<\/div>\n\t\t\t\t<\/div>\n\t\t\t\t\t<\/div>\n\t\t<\/div>\n\t\t\t\t<div class=\"elementor-column elementor-col-25 elementor-top-column elementor-element elementor-element-5a6a5aa\" data-id=\"5a6a5aa\" data-element_type=\"column\">\n\t\t\t<div class=\"elementor-widget-wrap elementor-element-populated\">\n\t\t\t\t\t\t<div class=\"elementor-element elementor-element-9a29949 elementor-widget elementor-widget-image\" data-id=\"9a29949\" data-element_type=\"widget\" data-widget_type=\"image.default\">\n\t\t\t\t<div class=\"elementor-widget-container\">\n\t\t\t\t\t\t\t\t\t\t\t\t\t<img loading=\"lazy\" decoding=\"async\" width=\"326\" height=\"332\" src=\"https:\/\/www.mined.gob.ni\/mapatradicionesculturapopular\/wp-content\/uploads\/2024\/06\/Marimba-de-Bismarck-Perez_13_11zon.webp\" class=\"attachment-full size-full wp-image-16293\" alt=\"\" \/>\t\t\t\t\t\t\t\t\t\t\t\t\t<\/div>\n\t\t\t\t<\/div>\n\t\t\t\t<div class=\"elementor-element elementor-element-30043c6 elementor-widget elementor-widget-text-editor\" data-id=\"30043c6\" data-element_type=\"widget\" data-widget_type=\"text-editor.default\">\n\t\t\t\t<div class=\"elementor-widget-container\">\n\t\t\t\t\t\t\t<p style=\"text-align: center;\">Marimba de Bismarck Perez<\/p>\t\t\t\t\t\t<\/div>\n\t\t\t\t<\/div>\n\t\t\t\t\t<\/div>\n\t\t<\/div>\n\t\t\t\t\t<\/div>\n\t\t<\/section>\n\t\t\t\t<section class=\"elementor-section elementor-top-section elementor-element elementor-element-06198fd elementor-section-boxed elementor-section-height-default elementor-section-height-default\" data-id=\"06198fd\" data-element_type=\"section\">\n\t\t\t\t\t\t<div class=\"elementor-container elementor-column-gap-default\">\n\t\t\t\t\t<div class=\"elementor-column elementor-col-25 elementor-top-column elementor-element elementor-element-55bc858\" data-id=\"55bc858\" data-element_type=\"column\">\n\t\t\t<div class=\"elementor-widget-wrap elementor-element-populated\">\n\t\t\t\t\t\t<div class=\"elementor-element elementor-element-5f992bd elementor-widget elementor-widget-image\" data-id=\"5f992bd\" data-element_type=\"widget\" data-widget_type=\"image.default\">\n\t\t\t\t<div class=\"elementor-widget-container\">\n\t\t\t\t\t\t\t\t\t\t\t\t\t<img loading=\"lazy\" decoding=\"async\" width=\"326\" height=\"332\" src=\"https:\/\/www.mined.gob.ni\/mapatradicionesculturapopular\/wp-content\/uploads\/2024\/06\/Tuntun-y-su-Marimba_23_11zon.webp\" class=\"attachment-full size-full wp-image-16295\" alt=\"\" \/>\t\t\t\t\t\t\t\t\t\t\t\t\t<\/div>\n\t\t\t\t<\/div>\n\t\t\t\t<div class=\"elementor-element elementor-element-c27302b elementor-widget elementor-widget-text-editor\" data-id=\"c27302b\" data-element_type=\"widget\" data-widget_type=\"text-editor.default\">\n\t\t\t\t<div class=\"elementor-widget-container\">\n\t\t\t\t\t\t\t<p style=\"text-align: center;\">Tuntun y su Marimba<\/p>\t\t\t\t\t\t<\/div>\n\t\t\t\t<\/div>\n\t\t\t\t\t<\/div>\n\t\t<\/div>\n\t\t\t\t<div class=\"elementor-column elementor-col-25 elementor-top-column elementor-element elementor-element-75e8237\" data-id=\"75e8237\" data-element_type=\"column\">\n\t\t\t<div class=\"elementor-widget-wrap elementor-element-populated\">\n\t\t\t\t\t\t<div class=\"elementor-element elementor-element-6dbce25 elementor-widget elementor-widget-image\" data-id=\"6dbce25\" data-element_type=\"widget\" data-widget_type=\"image.default\">\n\t\t\t\t<div class=\"elementor-widget-container\">\n\t\t\t\t\t\t\t\t\t\t\t\t\t<img loading=\"lazy\" decoding=\"async\" width=\"326\" height=\"332\" src=\"https:\/\/www.mined.gob.ni\/mapatradicionesculturapopular\/wp-content\/uploads\/2024\/06\/semilla-nueva-1_21_11zon.webp\" class=\"attachment-full size-full wp-image-16296\" alt=\"\" \/>\t\t\t\t\t\t\t\t\t\t\t\t\t<\/div>\n\t\t\t\t<\/div>\n\t\t\t\t<div class=\"elementor-element elementor-element-a26098f elementor-widget elementor-widget-text-editor\" data-id=\"a26098f\" data-element_type=\"widget\" data-widget_type=\"text-editor.default\">\n\t\t\t\t<div class=\"elementor-widget-container\">\n\t\t\t\t\t\t\t<p style=\"text-align: center;\">Semilla Nueva<\/p>\t\t\t\t\t\t<\/div>\n\t\t\t\t<\/div>\n\t\t\t\t\t<\/div>\n\t\t<\/div>\n\t\t\t\t<div class=\"elementor-column elementor-col-25 elementor-top-column elementor-element elementor-element-4aa07cf\" data-id=\"4aa07cf\" data-element_type=\"column\">\n\t\t\t<div class=\"elementor-widget-wrap elementor-element-populated\">\n\t\t\t\t\t\t<div class=\"elementor-element elementor-element-1bb5206 elementor-widget elementor-widget-image\" data-id=\"1bb5206\" data-element_type=\"widget\" data-widget_type=\"image.default\">\n\t\t\t\t<div class=\"elementor-widget-container\">\n\t\t\t\t\t\t\t\t\t\t\t\t\t<img loading=\"lazy\" decoding=\"async\" width=\"326\" height=\"332\" src=\"https:\/\/www.mined.gob.ni\/mapatradicionesculturapopular\/wp-content\/uploads\/2024\/06\/los-sonadores_9_11zon.webp\" class=\"attachment-full size-full wp-image-16297\" alt=\"\" \/>\t\t\t\t\t\t\t\t\t\t\t\t\t<\/div>\n\t\t\t\t<\/div>\n\t\t\t\t<div class=\"elementor-element elementor-element-50f1f30 elementor-widget elementor-widget-text-editor\" data-id=\"50f1f30\" data-element_type=\"widget\" data-widget_type=\"text-editor.default\">\n\t\t\t\t<div class=\"elementor-widget-container\">\n\t\t\t\t\t\t\t<p style=\"text-align: center;\">So\u00f1adores de Sarawaska<\/p>\t\t\t\t\t\t<\/div>\n\t\t\t\t<\/div>\n\t\t\t\t\t<\/div>\n\t\t<\/div>\n\t\t\t\t<div class=\"elementor-column elementor-col-25 elementor-top-column elementor-element elementor-element-69507ce\" data-id=\"69507ce\" data-element_type=\"column\">\n\t\t\t<div class=\"elementor-widget-wrap elementor-element-populated\">\n\t\t\t\t\t\t<div class=\"elementor-element elementor-element-96af844 elementor-widget elementor-widget-image\" data-id=\"96af844\" data-element_type=\"widget\" data-widget_type=\"image.default\">\n\t\t\t\t<div class=\"elementor-widget-container\">\n\t\t\t\t\t\t\t\t\t\t\t\t\t<img loading=\"lazy\" decoding=\"async\" width=\"326\" height=\"332\" src=\"https:\/\/www.mined.gob.ni\/mapatradicionesculturapopular\/wp-content\/uploads\/2024\/06\/rondon-orchesta_19_11zon.webp\" class=\"attachment-full size-full wp-image-16298\" alt=\"\" \/>\t\t\t\t\t\t\t\t\t\t\t\t\t<\/div>\n\t\t\t\t<\/div>\n\t\t\t\t<div class=\"elementor-element elementor-element-c1e7540 elementor-widget elementor-widget-text-editor\" data-id=\"c1e7540\" data-element_type=\"widget\" data-widget_type=\"text-editor.default\">\n\t\t\t\t<div class=\"elementor-widget-container\">\n\t\t\t\t\t\t\t<p style=\"text-align: center;\">Rondon Orchestra<\/p>\t\t\t\t\t\t<\/div>\n\t\t\t\t<\/div>\n\t\t\t\t\t<\/div>\n\t\t<\/div>\n\t\t\t\t\t<\/div>\n\t\t<\/section>\n\t\t\t\t<section class=\"elementor-section elementor-top-section elementor-element elementor-element-5b83f6b elementor-section-boxed elementor-section-height-default elementor-section-height-default\" data-id=\"5b83f6b\" data-element_type=\"section\">\n\t\t\t\t\t\t<div class=\"elementor-container elementor-column-gap-default\">\n\t\t\t\t\t<div class=\"elementor-column elementor-col-25 elementor-top-column elementor-element elementor-element-e962421\" data-id=\"e962421\" data-element_type=\"column\">\n\t\t\t<div class=\"elementor-widget-wrap elementor-element-populated\">\n\t\t\t\t\t\t<div class=\"elementor-element elementor-element-ee1c751 elementor-widget elementor-widget-image\" data-id=\"ee1c751\" data-element_type=\"widget\" data-widget_type=\"image.default\">\n\t\t\t\t<div class=\"elementor-widget-container\">\n\t\t\t\t\t\t\t\t\t\t\t\t\t<img loading=\"lazy\" decoding=\"async\" width=\"326\" height=\"332\" src=\"https:\/\/www.mined.gob.ni\/mapatradicionesculturapopular\/wp-content\/uploads\/2024\/06\/Otto-de-la-rocha_18_11zon.webp\" class=\"attachment-full size-full wp-image-16299\" alt=\"\" \/>\t\t\t\t\t\t\t\t\t\t\t\t\t<\/div>\n\t\t\t\t<\/div>\n\t\t\t\t<div class=\"elementor-element elementor-element-f3a32de elementor-widget elementor-widget-text-editor\" data-id=\"f3a32de\" data-element_type=\"widget\" data-widget_type=\"text-editor.default\">\n\t\t\t\t<div class=\"elementor-widget-container\">\n\t\t\t\t\t\t\t<p style=\"text-align: center;\">Otto de la Rocha<\/p>\t\t\t\t\t\t<\/div>\n\t\t\t\t<\/div>\n\t\t\t\t\t<\/div>\n\t\t<\/div>\n\t\t\t\t<div class=\"elementor-column elementor-col-25 elementor-top-column elementor-element elementor-element-a1b926c\" data-id=\"a1b926c\" data-element_type=\"column\">\n\t\t\t<div class=\"elementor-widget-wrap elementor-element-populated\">\n\t\t\t\t\t\t<div class=\"elementor-element elementor-element-7f7c251 elementor-widget elementor-widget-image\" data-id=\"7f7c251\" data-element_type=\"widget\" data-widget_type=\"image.default\">\n\t\t\t\t<div class=\"elementor-widget-container\">\n\t\t\t\t\t\t\t\t\t\t\t\t\t<img loading=\"lazy\" decoding=\"async\" width=\"326\" height=\"332\" src=\"https:\/\/www.mined.gob.ni\/mapatradicionesculturapopular\/wp-content\/uploads\/2024\/06\/Nicaragua-musica-y-canto_17_11zon.webp\" class=\"attachment-full size-full wp-image-16300\" alt=\"\" \/>\t\t\t\t\t\t\t\t\t\t\t\t\t<\/div>\n\t\t\t\t<\/div>\n\t\t\t\t<div class=\"elementor-element elementor-element-79e8307 elementor-widget elementor-widget-text-editor\" data-id=\"79e8307\" data-element_type=\"widget\" data-widget_type=\"text-editor.default\">\n\t\t\t\t<div class=\"elementor-widget-container\">\n\t\t\t\t\t\t\t<p style=\"text-align: center;\">Nicaragua M\u00fasica y Canto<\/p>\t\t\t\t\t\t<\/div>\n\t\t\t\t<\/div>\n\t\t\t\t\t<\/div>\n\t\t<\/div>\n\t\t\t\t<div class=\"elementor-column elementor-col-25 elementor-top-column elementor-element elementor-element-6d28d50\" data-id=\"6d28d50\" data-element_type=\"column\">\n\t\t\t<div class=\"elementor-widget-wrap elementor-element-populated\">\n\t\t\t\t\t\t<div class=\"elementor-element elementor-element-30935b3 elementor-widget elementor-widget-image\" data-id=\"30935b3\" data-element_type=\"widget\" data-widget_type=\"image.default\">\n\t\t\t\t<div class=\"elementor-widget-container\">\n\t\t\t\t\t\t\t\t\t\t\t\t\t<img loading=\"lazy\" decoding=\"async\" width=\"326\" height=\"332\" src=\"https:\/\/www.mined.gob.ni\/mapatradicionesculturapopular\/wp-content\/uploads\/2024\/06\/Marimba-de-Bismarck-Perez_13_11zon-1.webp\" class=\"attachment-full size-full wp-image-16301\" alt=\"\" \/>\t\t\t\t\t\t\t\t\t\t\t\t\t<\/div>\n\t\t\t\t<\/div>\n\t\t\t\t<div class=\"elementor-element elementor-element-4652282 elementor-widget elementor-widget-text-editor\" data-id=\"4652282\" data-element_type=\"widget\" data-widget_type=\"text-editor.default\">\n\t\t\t\t<div class=\"elementor-widget-container\">\n\t\t\t\t\t\t\t<p style=\"text-align: center;\">Marimba Tradicional<\/p>\t\t\t\t\t\t<\/div>\n\t\t\t\t<\/div>\n\t\t\t\t\t<\/div>\n\t\t<\/div>\n\t\t\t\t<div class=\"elementor-column elementor-col-25 elementor-top-column elementor-element elementor-element-f2b7702\" data-id=\"f2b7702\" data-element_type=\"column\">\n\t\t\t<div class=\"elementor-widget-wrap elementor-element-populated\">\n\t\t\t\t\t\t<div class=\"elementor-element elementor-element-b87bea9 elementor-widget elementor-widget-image\" data-id=\"b87bea9\" data-element_type=\"widget\" data-widget_type=\"image.default\">\n\t\t\t\t<div class=\"elementor-widget-container\">\n\t\t\t\t\t\t\t\t\t\t\t\t\t<img loading=\"lazy\" decoding=\"async\" width=\"326\" height=\"332\" src=\"https:\/\/www.mined.gob.ni\/mapatradicionesculturapopular\/wp-content\/uploads\/2024\/06\/Marimba-Hermanos-Palacios_14_11zon.webp\" class=\"attachment-full size-full wp-image-16302\" alt=\"\" \/>\t\t\t\t\t\t\t\t\t\t\t\t\t<\/div>\n\t\t\t\t<\/div>\n\t\t\t\t<div class=\"elementor-element elementor-element-b456496 elementor-widget elementor-widget-text-editor\" data-id=\"b456496\" data-element_type=\"widget\" data-widget_type=\"text-editor.default\">\n\t\t\t\t<div class=\"elementor-widget-container\">\n\t\t\t\t\t\t\t<p style=\"text-align: center;\">Marimba Hermanos Palacios<\/p>\t\t\t\t\t\t<\/div>\n\t\t\t\t<\/div>\n\t\t\t\t\t<\/div>\n\t\t<\/div>\n\t\t\t\t\t<\/div>\n\t\t<\/section>\n\t\t\t\t<section class=\"elementor-section elementor-top-section elementor-element elementor-element-bbe01f6 elementor-section-boxed elementor-section-height-default elementor-section-height-default\" data-id=\"bbe01f6\" data-element_type=\"section\">\n\t\t\t\t\t\t<div class=\"elementor-container elementor-column-gap-default\">\n\t\t\t\t\t<div class=\"elementor-column elementor-col-25 elementor-top-column elementor-element elementor-element-d201b0e\" data-id=\"d201b0e\" data-element_type=\"column\">\n\t\t\t<div class=\"elementor-widget-wrap elementor-element-populated\">\n\t\t\t\t\t\t<div class=\"elementor-element elementor-element-80183ae elementor-widget elementor-widget-image\" data-id=\"80183ae\" data-element_type=\"widget\" data-widget_type=\"image.default\">\n\t\t\t\t<div class=\"elementor-widget-container\">\n\t\t\t\t\t\t\t\t\t\t\t\t\t<img loading=\"lazy\" decoding=\"async\" width=\"263\" height=\"195\" src=\"https:\/\/www.mined.gob.ni\/mapatradicionesculturapopular\/wp-content\/uploads\/2026\/04\/EL-GUEGUENSE.png\" class=\"attachment-full size-full wp-image-16840\" alt=\"\" \/>\t\t\t\t\t\t\t\t\t\t\t\t\t<\/div>\n\t\t\t\t<\/div>\n\t\t\t\t<div class=\"elementor-element elementor-element-09eb654 elementor-widget elementor-widget-text-editor\" data-id=\"09eb654\" data-element_type=\"widget\" data-widget_type=\"text-editor.default\">\n\t\t\t\t<div class=\"elementor-widget-container\">\n\t\t\t\t\t\t\t<p style=\"text-align: center;\">El G\u00fceg\u00fcense<\/p>\t\t\t\t\t\t<\/div>\n\t\t\t\t<\/div>\n\t\t\t\t\t<\/div>\n\t\t<\/div>\n\t\t\t\t<div class=\"elementor-column elementor-col-25 elementor-top-column elementor-element elementor-element-8e6b7a0\" data-id=\"8e6b7a0\" data-element_type=\"column\">\n\t\t\t<div class=\"elementor-widget-wrap\">\n\t\t\t\t\t\t\t<\/div>\n\t\t<\/div>\n\t\t\t\t<div class=\"elementor-column elementor-col-25 elementor-top-column elementor-element elementor-element-87b680d\" data-id=\"87b680d\" data-element_type=\"column\">\n\t\t\t<div class=\"elementor-widget-wrap\">\n\t\t\t\t\t\t\t<\/div>\n\t\t<\/div>\n\t\t\t\t<div class=\"elementor-column elementor-col-25 elementor-top-column elementor-element elementor-element-12afba2\" data-id=\"12afba2\" data-element_type=\"column\">\n\t\t\t<div class=\"elementor-widget-wrap\">\n\t\t\t\t\t\t\t<\/div>\n\t\t<\/div>\n\t\t\t\t\t<\/div>\n\t\t<\/section>\n\t\t\t\t<section class=\"elementor-section elementor-top-section elementor-element elementor-element-183efd3 elementor-section-boxed elementor-section-height-default elementor-section-height-default\" data-id=\"183efd3\" data-element_type=\"section\">\n\t\t\t\t\t\t<div class=\"elementor-container elementor-column-gap-default\">\n\t\t\t\t\t<div class=\"elementor-column elementor-col-100 elementor-top-column elementor-element elementor-element-4a7e82d\" data-id=\"4a7e82d\" data-element_type=\"column\">\n\t\t\t<div class=\"elementor-widget-wrap elementor-element-populated\">\n\t\t\t\t\t\t<div class=\"elementor-element elementor-element-c8f8f2b elementor-widget elementor-widget-shortcode\" data-id=\"c8f8f2b\" data-element_type=\"widget\" data-widget_type=\"shortcode.default\">\n\t\t\t\t<div class=\"elementor-widget-container\">\n\t\t\t\t\t<div class=\"elementor-shortcode\"><div id=\"fwdmspDiv0\"><\/div><ul id=\"fwdmspMainPlaylistMINED\" class=\"fwdmsp-playlist\"><li data-source=\"fwdmspPlaylist0\" data-playlist-name=\"El G\u00fceg\u00fcense\" data-thumbnail-path=\"https:\/\/www.mined.gob.ni\/mapatradicionesculturapopular\/wp-content\/uploads\/2026\/04\/EL-GUEGUENSE.png\"><p class='fwdmsp-categories-title'><span class='fwdmsp-header'>  El G\u00fceg\u00fcense <\/span><span class='fwdmsp-title'>Playlist type<\/span><\/p><p class='fwdmsp-categories-type'><span class='fwdmsp-header'>Type: <\/span>HTML<\/p><p class='fwdmsp-categories-description'><span class='fwdmsp-header'> <\/span> <\/p><\/li><li data-source=\"fwdmspPlaylist1\" data-playlist-name=\"Festival de Sacacl\u00ed en Jinotega (Febrero 1976)\" data-thumbnail-path=\"https:\/\/www.mined.gob.ni\/mapatradicionesculturapopular\/wp-content\/uploads\/2024\/06\/Festival-de-Sacacli-en-Jinotega-Febrero-1976_5_11zon.webp\"><\/li><li data-source=\"fwdmspPlaylist2\" data-playlist-name=\"Nicaragua m\u00fasica y canto\" data-thumbnail-path=\"https:\/\/www.mined.gob.ni\/mapatradicionesculturapopular\/wp-content\/uploads\/2025\/10\/Nicaragua-musica-y-canto-3.png\"><p class='fwdmsp-categories-title'><span class='fwdmsp-header'>Nicaragua m\u00fasica y canto<\/span><span class='fwdmsp-title'>Playlist type<\/span><\/p><p class='fwdmsp-categories-type'><span class='fwdmsp-header'> <\/span> <\/p><p class='fwdmsp-categories-description'><span class='fwdmsp-header'>Description: <\/span> Colecci\u00f3n.<\/p><\/li><li data-source=\"fwdmspPlaylist3\" data-playlist-name=\"Felipe Urrutia\" data-thumbnail-path=\"https:\/\/www.mined.gob.ni\/mapatradicionesculturapopular\/wp-content\/uploads\/2024\/08\/Felipe-Urrutia_4_11zon.webp\"><p class='fwdmsp-categories-title'><span class='fwdmsp-header'>Autor: <\/span><span class='fwdmsp-title'>Felipe Urrutia<\/span><\/p><p class='fwdmsp-categories-type'><span class='fwdmsp-header'>  <\/span> <\/p><p class='fwdmsp-categories-description'><span class='fwdmsp-header'>  <\/span>  <\/p> <\/li><li data-source=\"fwdmspPlaylist4\" data-playlist-name=\"El saber del pueblo\" data-thumbnail-path=\"https:\/\/www.mined.gob.ni\/mapatradicionesculturapopular\/wp-content\/uploads\/2024\/08\/El-saber-del-pueblo.png\"><p class='fwdmsp-categories-title'><span class='fwdmsp-header'>Recopilaci\u00f3n: <\/span><span class='fwdmsp-title'>El saber del pueblo<\/span><\/p><p class='fwdmsp-categories-type'><span class='fwdmsp-header'> <\/span> <\/p><p class='fwdmsp-categories-description'><span class='fwdmsp-header'> <\/span>  <\/p> <\/li><li data-source=\"fwdmspPlaylist5\" data-playlist-name=\"Don Mercho y sus muchachos\" data-thumbnail-path=\"https:\/\/www.mined.gob.ni\/mapatradicionesculturapopular\/wp-content\/uploads\/2024\/08\/Don-Mercho-y-sus-muchachos.png\"><p class='fwdmsp-categories-title'><span class='fwdmsp-header'>Grupo: <\/span><span class='fwdmsp-title'>Don Mercho y sus muchachos<\/span><\/p><p class='fwdmsp-categories-type'><span class='fwdmsp-header'> <\/span> <\/p><p class='fwdmsp-categories-description'><span class='fwdmsp-header'> <\/span>  <\/p> <\/li><li data-source=\"fwdmspPlaylist6\" data-playlist-name=\"Barbaros del Ritmo de Bluefields\" data-thumbnail-path=\"https:\/\/www.mined.gob.ni\/mapatradicionesculturapopular\/wp-content\/uploads\/2024\/08\/Sin-titulo-1_22_11zon.webp\"><p class='fwdmsp-categories-title'><span class='fwdmsp-header'>Grupo<\/span><span class='fwdmsp-title'> Barbaros del Ritmo de Bluefields<\/span><\/p><p class='fwdmsp-categories-type'><span class='fwdmsp-header'>  <\/span> <\/p><p class='fwdmsp-categories-description'><span class='fwdmsp-header'> <\/span>  <\/p><\/li><li data-source=\"fwdmspPlaylist7\" data-playlist-name=\"Banda Filarm\u00f3nica R\u00edos\" data-thumbnail-path=\"https:\/\/www.mined.gob.ni\/mapatradicionesculturapopular\/wp-content\/uploads\/2024\/08\/banda-filarmonica.png\"><p class='fwdmsp-categories-title'><span class='fwdmsp-header'>Autor: <\/span><span class='fwdmsp-title'>Banda Filarm\u00f3nica R\u00edos<\/span><\/p><p class='fwdmsp-categories-type'><span class='fwdmsp-header'>Tipo: <\/span>M\u00fasica Norte\u00f1a<\/p><p class='fwdmsp-categories-description'><span class='fwdmsp-header'>  <\/span>  <\/p><\/li><li data-source=\"fwdmspPlaylist8\" data-playlist-name=\"Arturo Ponce\" data-thumbnail-path=\"https:\/\/www.mined.gob.ni\/mapatradicionesculturapopular\/wp-content\/uploads\/2024\/08\/ARTURO-PONCE.png\"><p class='fwdmsp-categories-title'><span class='fwdmsp-header'>Autor: <\/span><span class='fwdmsp-title'>Arturo Ponce<\/span><\/p><p class='fwdmsp-categories-type'><span class='fwdmsp-header'>Tipo: <\/span>M\u00fasica Norte\u00f1a<\/p><p class='fwdmsp-categories-description'><span class='fwdmsp-header'>  <\/span>  <\/p><\/li><li data-source=\"fwdmspPlaylist9\" data-playlist-name=\"Adan Hernandez\" data-thumbnail-path=\"https:\/\/www.mined.gob.ni\/mapatradicionesculturapopular\/wp-content\/uploads\/2024\/08\/adan-hernandez.png\"><p class='fwdmsp-categories-title'><span class='fwdmsp-header'>Autor: <\/span><span class='fwdmsp-title'>Adan Hernandez<\/span><\/p><p class='fwdmsp-categories-type'><span class='fwdmsp-header'> <\/span> <\/p><p class='fwdmsp-categories-description'><span class='fwdmsp-header'>  <\/span>  <\/p><\/li><\/ul><ul id=\"fwdmspPlaylist0\" class=\"fwdmsp-playlist\"><li data-path=\"https:\/\/www.mined.gob.ni\/mapatradicionesculturapopular\/wp-content\/uploads\/2026\/04\/Son-N\u00b08-Los-Borrachos.mp3\" data-thumbpath=\"https:\/\/www.mined.gob.ni\/mapatradicionesculturapopular\/wp-content\/uploads\/2026\/04\/EL-GUEGUENSE.png\" data-is-private=\"no\" data-downloadable=\"yes\"><p><span class='fwdmsp-artist'> Son N\u00b08 - Los Borrachos<\/span><span class='fwdmsp-title'> -  <\/span><\/p><\/li><li data-path=\"https:\/\/www.mined.gob.ni\/mapatradicionesculturapopular\/wp-content\/uploads\/2026\/04\/Son-N\u00b07-El-Son-de-los-Machos.mp3\" data-thumbpath=\"https:\/\/www.mined.gob.ni\/mapatradicionesculturapopular\/wp-content\/uploads\/2026\/04\/EL-GUEGUENSE.png\" data-is-private=\"no\" data-downloadable=\"yes\"><p><span class='fwdmsp-artist'> Son N\u00b07 - El Son de los Machos<\/span><span class='fwdmsp-title'> -  <\/span><\/p><\/li><li data-path=\"https:\/\/www.mined.gob.ni\/mapatradicionesculturapopular\/wp-content\/uploads\/2026\/04\/Son-N\u00b06-Porto-Rico-o-Son-de-las-Damas.mp3\" data-thumbpath=\"https:\/\/www.mined.gob.ni\/mapatradicionesculturapopular\/wp-content\/uploads\/2026\/04\/EL-GUEGUENSE.png\" data-is-private=\"no\" data-downloadable=\"yes\"><p><span class='fwdmsp-artist'> Son N\u00b06 - Porto Rico o Son de las Damas<\/span><span class='fwdmsp-title'> -  <\/span><\/p><\/li><li data-path=\"https:\/\/www.mined.gob.ni\/mapatradicionesculturapopular\/wp-content\/uploads\/2026\/04\/Son-N\u00b05-San-Martin.mp3\" data-thumbpath=\"https:\/\/www.mined.gob.ni\/mapatradicionesculturapopular\/wp-content\/uploads\/2026\/04\/EL-GUEGUENSE.png\" data-is-private=\"no\" data-downloadable=\"yes\"><p><span class='fwdmsp-artist'>  Son N\u00b05 - San Mart\u00edn<\/span><span class='fwdmsp-title'> -  <\/span><\/p><\/li><li data-path=\"https:\/\/www.mined.gob.ni\/mapatradicionesculturapopular\/wp-content\/uploads\/2026\/04\/Son-N\u00b04-Corrido.mp3\" data-thumbpath=\"https:\/\/www.mined.gob.ni\/mapatradicionesculturapopular\/wp-content\/uploads\/2026\/04\/EL-GUEGUENSE.png\" data-is-private=\"no\" data-downloadable=\"yes\"><p><span class='fwdmsp-artist'> Son N\u00b04 - Corrido<\/span><span class='fwdmsp-title'> -  <\/span><\/p><\/li><li data-path=\"https:\/\/www.mined.gob.ni\/mapatradicionesculturapopular\/wp-content\/uploads\/2026\/04\/Son-N\u00b03-Villancico-o-Vellancico.mp3\" data-thumbpath=\"https:\/\/www.mined.gob.ni\/mapatradicionesculturapopular\/wp-content\/uploads\/2026\/04\/EL-GUEGUENSE.png\" data-is-private=\"no\" data-downloadable=\"yes\"><p><span class='fwdmsp-artist'> Son N\u00b03 - Villancico o Vellancico<\/span><span class='fwdmsp-title'> -  <\/span><\/p><\/li><li data-path=\"https:\/\/www.mined.gob.ni\/mapatradicionesculturapopular\/wp-content\/uploads\/2026\/04\/Son-N\u00b02-Ronda.mp3\" data-thumbpath=\"https:\/\/www.mined.gob.ni\/mapatradicionesculturapopular\/wp-content\/uploads\/2026\/04\/EL-GUEGUENSE.png\" data-is-private=\"no\" data-downloadable=\"yes\"><p><span class='fwdmsp-artist'> Son N\u00b02 - Ronda<\/span><span class='fwdmsp-title'> -  <\/span><\/p><\/li><li data-path=\"https:\/\/www.mined.gob.ni\/mapatradicionesculturapopular\/wp-content\/uploads\/2026\/04\/Son-N\u00b01-Entrada-o-Dentrada.mp3\" data-thumbpath=\"https:\/\/www.mined.gob.ni\/mapatradicionesculturapopular\/wp-content\/uploads\/2026\/04\/EL-GUEGUENSE.png\" data-is-private=\"no\" data-downloadable=\"yes\"><p><span class='fwdmsp-artist'>Son N\u00b01 - Entrada o Dentrada<\/span><span class='fwdmsp-title'> -  <\/span><\/p><\/li><\/ul><ul id=\"fwdmspPlaylist1\" class=\"fwdmsp-playlist\"><li data-path=\"https:\/\/www.mined.gob.ni\/mapatradicionesculturapopular\/wp-content\/uploads\/2026\/02\/Festival-de-Sacacli-en-Jinotega-Febrero-1976-Parte-II.mp3\" data-thumbpath=\"https:\/\/www.mined.gob.ni\/mapatradicionesculturapopular\/wp-content\/uploads\/2022\/02\/esquipulas-03.jpg\" data-is-private=\"no\" data-downloadable=\"yes\"><p><span class='fwdmsp-artist'> Festival de Sacacl\u00ed en Jinotega (Febrero 1976) Parte II<\/span><span class='fwdmsp-title'>  <\/span><\/p><\/li><li data-path=\"https:\/\/www.mined.gob.ni\/mapatradicionesculturapopular\/wp-content\/uploads\/2026\/02\/Festival-de-Sacacli-en-Jinotega-Febrero-1976-Parte-I.mp3\" data-thumbpath=\"https:\/\/www.mined.gob.ni\/mapatradicionesculturapopular\/wp-content\/uploads\/2024\/06\/Festival-de-Sacacli-en-Jinotega-Febrero-1976_5_11zon.webp\" data-is-private=\"no\" data-downloadable=\"yes\"><p><span class='fwdmsp-artist'> Festival de Sacacl\u00ed en Jinotega (Febrero 1976) Parte I<\/span><span class='fwdmsp-title'>  <\/span><\/p><\/li><\/ul><ul id=\"fwdmspPlaylist2\" class=\"fwdmsp-playlist\"><li data-path=\"https:\/\/www.mined.gob.ni\/mapatradicionesculturapopular\/wp-content\/uploads\/2025\/10\/1-Salvador-Cardenal-Introduccion.mp3\" data-thumbpath=\"https:\/\/www.mined.gob.ni\/mapatradicionesculturapopular\/wp-content\/uploads\/2025\/10\/Nicaragua-musica-y-canto-1.png\" data-is-private=\"no\" data-downloadable=\"no\"><p><span class='fwdmsp-artist'> Salvador Cardenal - Introducci\u00f3n<\/span><span class='fwdmsp-title'> CD 1 <\/span><\/p><\/li><li data-path=\"https:\/\/www.mined.gob.ni\/mapatradicionesculturapopular\/wp-content\/uploads\/2025\/10\/2-Salvador-Cardenal-Romances-Tradicionales-Espanoles.mp3\" data-thumbpath=\"https:\/\/www.mined.gob.ni\/mapatradicionesculturapopular\/wp-content\/uploads\/2025\/10\/Nicaragua-musica-y-canto-2.png\" data-is-private=\"no\" data-downloadable=\"no\"><p><span class='fwdmsp-artist'> 2 Salvador Cardenal - Romances Tradicionales Espa\u00f1oles<\/span><span class='fwdmsp-title'> - CD 2<\/span><\/p><\/li><li data-path=\"https:\/\/www.mined.gob.ni\/mapatradicionesculturapopular\/wp-content\/uploads\/2025\/10\/3-Salvador-Cardenal-Aires-indigenas.mp3\" data-thumbpath=\"https:\/\/www.mined.gob.ni\/mapatradicionesculturapopular\/wp-content\/uploads\/2025\/10\/Nicaragua-musica-y-canto-1.png\" data-is-private=\"no\" data-downloadable=\"no\"><p><span class='fwdmsp-artist'> 3 Salvador Cardenal - Aires ind\u00edgenas<\/span><span class='fwdmsp-title'>  CD 1<\/span><\/p><\/li><li data-path=\"https:\/\/www.mined.gob.ni\/mapatradicionesculturapopular\/wp-content\/uploads\/2025\/10\/4-Salvador-Cardenal-El-Atabal-1.mp3\" data-thumbpath=\"https:\/\/www.mined.gob.ni\/mapatradicionesculturapopular\/wp-content\/uploads\/2025\/10\/Nicaragua-musica-y-canto-1.png\" data-is-private=\"no\" data-downloadable=\"no\"><p><span class='fwdmsp-artist'> 4 Salvador Cardenal - El Atabal<\/span><span class='fwdmsp-title'> CD 1  <\/span><\/p><\/li><li data-path=\"https:\/\/www.mined.gob.ni\/mapatradicionesculturapopular\/wp-content\/uploads\/2025\/10\/5-Salvador-Cardenal-Tres-melodias-Nahuas.mp3\" data-thumbpath=\"https:\/\/www.mined.gob.ni\/mapatradicionesculturapopular\/wp-content\/uploads\/2025\/10\/Nicaragua-musica-y-canto-1.png\" data-is-private=\"no\" data-downloadable=\"no\"><p><span class='fwdmsp-artist'> 5 Salvador Cardenal - Tres melod\u00edas Nahuas<\/span><span class='fwdmsp-title'>  CD 1<\/span><\/p><\/li><li data-path=\"https:\/\/www.mined.gob.ni\/mapatradicionesculturapopular\/wp-content\/uploads\/2025\/10\/6-Salvador-Cardenal-Baile-de-El-Mantudo.mp3\" data-thumbpath=\"https:\/\/www.mined.gob.ni\/mapatradicionesculturapopular\/wp-content\/uploads\/2025\/10\/Nicaragua-musica-y-canto-1.png\" data-is-private=\"no\" data-downloadable=\"no\"><p><span class='fwdmsp-artist'>6 Salvador Cardenal - Baile de El Mantudo<\/span><span class='fwdmsp-title'>  <\/span><\/p><\/li><li data-path=\"https:\/\/www.mined.gob.ni\/mapatradicionesculturapopular\/wp-content\/uploads\/2025\/10\/7-Salvador-Cardenal-Los-chinegritos.mp3\" data-thumbpath=\"https:\/\/www.mined.gob.ni\/mapatradicionesculturapopular\/wp-content\/uploads\/2025\/10\/Nicaragua-musica-y-canto-1.png\" data-is-private=\"no\" data-downloadable=\"no\"><p><span class='fwdmsp-artist'> 7 Salvador Cardenal - Los chinegritos<\/span><span class='fwdmsp-title'>  CD 1<\/span><\/p><\/li><li data-path=\"https:\/\/www.mined.gob.ni\/mapatradicionesculturapopular\/wp-content\/uploads\/2025\/10\/8-Salvador-Cardenal-Corridos-Nicaraguenses.mp3\" data-thumbpath=\"https:\/\/www.mined.gob.ni\/mapatradicionesculturapopular\/wp-content\/uploads\/2025\/10\/Nicaragua-musica-y-canto-1.png\" data-is-private=\"no\" data-downloadable=\"no\"><p><span class='fwdmsp-artist'> 8 Salvador Cardenal - Corridos Nicarag\u00fcenses<\/span><span class='fwdmsp-title'> CD 1<\/span><\/p><\/li><li data-path=\"https:\/\/www.mined.gob.ni\/mapatradicionesculturapopular\/wp-content\/uploads\/2025\/10\/1-Salvador-Cardenal-Corridos-Nicaraguenses.mp3\" data-thumbpath=\"https:\/\/www.mined.gob.ni\/mapatradicionesculturapopular\/wp-content\/uploads\/2025\/10\/Nicaragua-musica-y-canto-2.png\" data-is-private=\"no\" data-downloadable=\"no\"><p><span class='fwdmsp-artist'> 1 Salvador Cardenal - Corridos Nicarag\u00fcenses<\/span><span class='fwdmsp-title'> - CD 2<\/span><\/p><\/li><li data-path=\"https:\/\/www.mined.gob.ni\/mapatradicionesculturapopular\/wp-content\/uploads\/2025\/10\/2-Salvador-Cardenal-Himno-Nacional.mp3\" data-thumbpath=\"https:\/\/www.mined.gob.ni\/mapatradicionesculturapopular\/wp-content\/uploads\/2025\/10\/Nicaragua-musica-y-canto-1.png\" data-is-private=\"no\" data-downloadable=\"no\"><p><span class='fwdmsp-artist'> 2 Salvador Cardenal - Himno Nacional<\/span><span class='fwdmsp-title'> CD 1<\/span><\/p><\/li><li data-path=\"https:\/\/www.mined.gob.ni\/mapatradicionesculturapopular\/wp-content\/uploads\/2025\/10\/3-Salvador-Cardenal-Canciones-Liricas.mp3\" data-thumbpath=\"https:\/\/www.mined.gob.ni\/mapatradicionesculturapopular\/wp-content\/uploads\/2025\/10\/Nicaragua-musica-y-canto-2.png\" data-is-private=\"no\" data-downloadable=\"no\"><p><span class='fwdmsp-artist'> 3 Salvador Cardenal - Canciones L\u00edricas<\/span><span class='fwdmsp-title'> - CD 2<\/span><\/p><\/li><li data-path=\"https:\/\/www.mined.gob.ni\/mapatradicionesculturapopular\/wp-content\/uploads\/2025\/10\/1-Salvador-Cardenal-Marimba-I.mp3\" data-thumbpath=\"https:\/\/www.mined.gob.ni\/mapatradicionesculturapopular\/wp-content\/uploads\/2025\/10\/Nicaragua-musica-y-canto-3-1.png\" data-is-private=\"no\" data-downloadable=\"no\"><p><span class='fwdmsp-artist'> 1 Salvador Cardenal - Marimba I<\/span><span class='fwdmsp-title'> - CD 3<\/span><\/p><\/li><li data-path=\"https:\/\/www.mined.gob.ni\/mapatradicionesculturapopular\/wp-content\/uploads\/2025\/10\/2-Salvador-Cardenal-Marimba-II.mp3\" data-thumbpath=\"https:\/\/www.mined.gob.ni\/mapatradicionesculturapopular\/wp-content\/uploads\/2025\/10\/Nicaragua-musica-y-canto-3-1.png\" data-is-private=\"no\" data-downloadable=\"no\"><p><span class='fwdmsp-artist'> 2 Salvador Cardenal - Marimba II<\/span><span class='fwdmsp-title'> - CD 3<\/span><\/p><\/li><li data-path=\"https:\/\/www.mined.gob.ni\/mapatradicionesculturapopular\/wp-content\/uploads\/2025\/10\/3-Salvador-Cardenal-Marimba-III.mp3\" data-thumbpath=\"https:\/\/www.mined.gob.ni\/mapatradicionesculturapopular\/wp-content\/uploads\/2025\/10\/Nicaragua-musica-y-canto-3-1.png\" data-is-private=\"no\" data-downloadable=\"no\"><p><span class='fwdmsp-artist'> 3 Salvador Cardenal - Marimba III<\/span><span class='fwdmsp-title'> - CD 3<\/span><\/p><\/li><li data-path=\"https:\/\/www.mined.gob.ni\/mapatradicionesculturapopular\/wp-content\/uploads\/2025\/10\/1-Salvador-Cardenal-Sones-de-Toro-o-Cacho.mp3\" data-thumbpath=\"https:\/\/www.mined.gob.ni\/mapatradicionesculturapopular\/wp-content\/uploads\/2025\/10\/Nicaragua-musica-y-canto-4.png\" data-is-private=\"no\" data-downloadable=\"no\"><p><span class='fwdmsp-artist'>1 Salvador Cardenal - Sones de Toro o Cacho<\/span><span class='fwdmsp-title'> - CD 4<\/span><\/p><\/li><li data-path=\"https:\/\/www.mined.gob.ni\/mapatradicionesculturapopular\/wp-content\/uploads\/2025\/10\/2-Salvador-Cardenal-Musica-para-violin-y-guitarra.mp3\" data-thumbpath=\"https:\/\/www.mined.gob.ni\/mapatradicionesculturapopular\/wp-content\/uploads\/2025\/10\/Nicaragua-musica-y-canto-4.png\" data-is-private=\"no\" data-downloadable=\"no\"><p><span class='fwdmsp-artist'> 2 Salvador Cardenal - M\u00fasica para viol\u00edn y guitarra<\/span><span class='fwdmsp-title'> - CD 4<\/span><\/p><\/li><li data-path=\"https:\/\/www.mined.gob.ni\/mapatradicionesculturapopular\/wp-content\/uploads\/2025\/10\/3-Salvador-Cardenal-Canciones-Miskitas.mp3\" data-thumbpath=\"https:\/\/www.mined.gob.ni\/mapatradicionesculturapopular\/wp-content\/uploads\/2025\/10\/Nicaragua-musica-y-canto-4.png\" data-is-private=\"no\" data-downloadable=\"no\"><p><span class='fwdmsp-artist'> 3 Salvador Cardenal - Canciones Miskitas<\/span><span class='fwdmsp-title'> - CD 4<\/span><\/p><\/li><li data-path=\"https:\/\/www.mined.gob.ni\/mapatradicionesculturapopular\/wp-content\/uploads\/2025\/10\/4-Salvador-Cardenal-Guitarra-sola.mp3\" data-thumbpath=\"https:\/\/www.mined.gob.ni\/mapatradicionesculturapopular\/wp-content\/uploads\/2025\/10\/Nicaragua-musica-y-canto-4.png\" data-is-private=\"no\" data-downloadable=\"no\"><p><span class='fwdmsp-artist'> 4 Salvador Cardenal - Guitarra sola<\/span><span class='fwdmsp-title'> - CD 4<\/span><\/p><\/li><li data-path=\"https:\/\/www.mined.gob.ni\/mapatradicionesculturapopular\/wp-content\/uploads\/2025\/10\/5-Salvador-Cardenal-El-Toro-Guaco.mp3\" data-thumbpath=\"https:\/\/www.mined.gob.ni\/mapatradicionesculturapopular\/wp-content\/uploads\/2025\/10\/Nicaragua-musica-y-canto-4.png\" data-is-private=\"no\" data-downloadable=\"no\"><p><span class='fwdmsp-artist'> 5 Salvador Cardenal - El Toro Guaco<\/span><span class='fwdmsp-title'> - CD 4<\/span><\/p><\/li><li data-path=\"https:\/\/www.mined.gob.ni\/mapatradicionesculturapopular\/wp-content\/uploads\/2025\/10\/6-Salvador-Cardenal-Baile-de-la-Yeguita.mp3\" data-thumbpath=\"https:\/\/www.mined.gob.ni\/mapatradicionesculturapopular\/wp-content\/uploads\/2025\/10\/Nicaragua-musica-y-canto-4.png\" data-is-private=\"no\" data-downloadable=\"no\"><p><span class='fwdmsp-artist'> 6 Salvador Cardenal - Baile de la Yeg\u00fcita<\/span><span class='fwdmsp-title'> - CD 4<\/span><\/p><\/li><li data-path=\"https:\/\/www.mined.gob.ni\/mapatradicionesculturapopular\/wp-content\/uploads\/2025\/10\/1-Salvador-Cardenal-La-Purisima-I.mp3\" data-thumbpath=\"https:\/\/www.mined.gob.ni\/mapatradicionesculturapopular\/wp-content\/uploads\/2025\/10\/Nicaragua-musica-y-canto-5.png\" data-is-private=\"no\" data-downloadable=\"no\"><p><span class='fwdmsp-artist'> 1 Salvador Cardenal - La Pur\u00edsima I<\/span><span class='fwdmsp-title'> - CD 5<\/span><\/p><\/li><li data-path=\"https:\/\/www.mined.gob.ni\/mapatradicionesculturapopular\/wp-content\/uploads\/2025\/10\/2-Salvador-Cardenal-La-Purisima-II.mp3\" data-thumbpath=\"https:\/\/www.mined.gob.ni\/mapatradicionesculturapopular\/wp-content\/uploads\/2025\/10\/Nicaragua-musica-y-canto-5.png\" data-is-private=\"no\" data-downloadable=\"no\"><p><span class='fwdmsp-artist'> 2 Salvador Cardenal - La Pur\u00edsima II<\/span><span class='fwdmsp-title'> - CD 5<\/span><\/p><\/li><li data-path=\"https:\/\/www.mined.gob.ni\/mapatradicionesculturapopular\/wp-content\/uploads\/2025\/10\/3-Salvador-Cardenal-Sones-de-Pascua.mp3\" data-thumbpath=\"https:\/\/www.mined.gob.ni\/mapatradicionesculturapopular\/wp-content\/uploads\/2025\/10\/Nicaragua-musica-y-canto-5.png\" data-is-private=\"no\" data-downloadable=\"no\"><p><span class='fwdmsp-artist'> 3 Salvador Cardenal - Sones de Pascua<\/span><span class='fwdmsp-title'> - CD 5<\/span><\/p><\/li><li data-path=\"https:\/\/www.mined.gob.ni\/mapatradicionesculturapopular\/wp-content\/uploads\/2025\/10\/4-Salvador-Cardenal-Villancicos.mp3\" data-thumbpath=\"https:\/\/www.mined.gob.ni\/mapatradicionesculturapopular\/wp-content\/uploads\/2025\/10\/Nicaragua-musica-y-canto-5.png\" data-is-private=\"no\" data-downloadable=\"no\"><p><span class='fwdmsp-artist'> 4 Salvador Cardenal - Villancicos<\/span><span class='fwdmsp-title'> -CD 5<\/span><\/p><\/li><li data-path=\"https:\/\/www.mined.gob.ni\/mapatradicionesculturapopular\/wp-content\/uploads\/2025\/10\/Salvador-Cardenal-El-Gueguense-o-Macho-Raton.mp3\" data-thumbpath=\"https:\/\/www.mined.gob.ni\/mapatradicionesculturapopular\/wp-content\/uploads\/2025\/10\/Nicaragua-musica-y-canto-6.png\" data-is-private=\"no\" data-downloadable=\"no\"><p><span class='fwdmsp-artist'> Salvador Cardenal - El G\u00fceg\u00fcense o Macho Rat\u00f3n<\/span><span class='fwdmsp-title'> - CD 6<\/span><\/p><\/li><li data-path=\"https:\/\/www.mined.gob.ni\/mapatradicionesculturapopular\/wp-content\/uploads\/2025\/10\/1-Salvador-Cardenal-El-Gueguense-Obra-teatral.mp3\" data-thumbpath=\"https:\/\/www.mined.gob.ni\/mapatradicionesculturapopular\/wp-content\/uploads\/2025\/10\/Nicaragua-musica-y-canto-7.png\" data-is-private=\"no\" data-downloadable=\"no\"><p><span class='fwdmsp-artist'> 1 Salvador Cardenal - El G\u00fceg\u00fcense Obra teatral<\/span><span class='fwdmsp-title'> - CD 7<\/span><\/p><\/li><li data-path=\"https:\/\/www.mined.gob.ni\/mapatradicionesculturapopular\/wp-content\/uploads\/2025\/10\/2-Salvador-Cardenal-La-Gigantona-de-Leon.mp3\" data-thumbpath=\"https:\/\/www.mined.gob.ni\/mapatradicionesculturapopular\/wp-content\/uploads\/2025\/10\/Nicaragua-musica-y-canto-7.png\" data-is-private=\"no\" data-downloadable=\"no\"><p><span class='fwdmsp-artist'> 2 Salvador Cardenal - La Gigantona de Le\u00f3n<\/span><span class='fwdmsp-title'> - CD 7<\/span><\/p><\/li><\/ul><ul id=\"fwdmspPlaylist3\" class=\"fwdmsp-playlist\"><\/ul><ul id=\"fwdmspPlaylist4\" class=\"fwdmsp-playlist\"><li data-path=\"https:\/\/www.mined.gob.ni\/mapatradicionesculturapopular\/wp-content\/uploads\/2024\/08\/Grupo_El_saber_del_pueblo_-_Canci_n_Arroz_con_chancho.mp3\" data-thumbpath=\"https:\/\/www.mined.gob.ni\/mapatradicionesculturapopular\/wp-content\/uploads\/2024\/08\/El-saber-del-pueblo.png\" data-is-private=\"no\" data-downloadable=\"yes\"><p><span class='fwdmsp-artist'>Grupo<\/span> El saber del pueblo <span class='fwdmsp-title'> - Canci\u00f3n<\/span> Arroz con chancho<\/p><\/li><li data-path=\"https:\/\/www.mined.gob.ni\/mapatradicionesculturapopular\/wp-content\/uploads\/2024\/08\/Grupo_El_saber_del_pueblo_-_Canci_n_Asomate_a_tu_ventana.mp3\" data-thumbpath=\"https:\/\/www.mined.gob.ni\/mapatradicionesculturapopular\/wp-content\/uploads\/2024\/08\/El-saber-del-pueblo.png\" data-is-private=\"no\" data-downloadable=\"yes\"><p><span class='fwdmsp-artist'>Grupo<\/span> El saber del pueblo <span class='fwdmsp-title'> - Canci\u00f3n<\/span> Asomate a tu ventana<\/p><\/li><li data-path=\"https:\/\/www.mined.gob.ni\/mapatradicionesculturapopular\/wp-content\/uploads\/2024\/08\/Grupo_El_saber_del_pueblo_-_Canci_n_Banda_Filarmonica_de_Masaya_-_El_son_de_los_ahuizotes.mp3\" data-thumbpath=\"https:\/\/www.mined.gob.ni\/mapatradicionesculturapopular\/wp-content\/uploads\/2024\/08\/El-saber-del-pueblo.png\" data-is-private=\"no\" data-downloadable=\"yes\"><p><span class='fwdmsp-artist'>Grupo<\/span> El saber del pueblo <span class='fwdmsp-title'> - Canci\u00f3n<\/span> Banda Filarmonica de Masaya - El son de los ahuizotes<\/p><\/li><li data-path=\"https:\/\/www.mined.gob.ni\/mapatradicionesculturapopular\/wp-content\/uploads\/2024\/08\/Grupo_El_saber_del_pueblo_-_Canci_n_Banda_Filarmonica_Munic_de_Masaya_-Son_de_los_diablos_de_masaya.mp3\" data-thumbpath=\"https:\/\/www.mined.gob.ni\/mapatradicionesculturapopular\/wp-content\/uploads\/2024\/08\/El-saber-del-pueblo.png\" data-is-private=\"no\" data-downloadable=\"yes\"><p><span class='fwdmsp-artist'>Grupo<\/span> El saber del pueblo <span class='fwdmsp-title'> - Canci\u00f3n<\/span> Banda Filarmonica Munic de Masaya -Son de los diablos de masaya<\/p><\/li><li data-path=\"https:\/\/www.mined.gob.ni\/mapatradicionesculturapopular\/wp-content\/uploads\/2024\/08\/Grupo_El_saber_del_pueblo_-_Canci_n_Bella_s_lfide.mp3\" data-thumbpath=\"https:\/\/www.mined.gob.ni\/mapatradicionesculturapopular\/wp-content\/uploads\/2024\/08\/El-saber-del-pueblo.png\" data-is-private=\"no\" data-downloadable=\"yes\"><p><span class='fwdmsp-artist'>Grupo<\/span> El saber del pueblo <span class='fwdmsp-title'> - Canci\u00f3n<\/span> Bella s\u00edlfide<\/p><\/li><li data-path=\"https:\/\/www.mined.gob.ni\/mapatradicionesculturapopular\/wp-content\/uploads\/2024\/08\/Grupo_El_saber_del_pueblo_-_Canci_n_Bluefields.mp3\" data-thumbpath=\"https:\/\/www.mined.gob.ni\/mapatradicionesculturapopular\/wp-content\/uploads\/2024\/08\/El-saber-del-pueblo.png\" data-is-private=\"no\" data-downloadable=\"yes\"><p><span class='fwdmsp-artist'>Grupo<\/span> El saber del pueblo <span class='fwdmsp-title'> - Canci\u00f3n<\/span> Bluefields<\/p><\/li><li data-path=\"https:\/\/www.mined.gob.ni\/mapatradicionesculturapopular\/wp-content\/uploads\/2024\/08\/Grupo_El_saber_del_pueblo_-_Canci_n_Chumbale.mp3\" data-thumbpath=\"https:\/\/www.mined.gob.ni\/mapatradicionesculturapopular\/wp-content\/uploads\/2024\/08\/El-saber-del-pueblo.png\" data-is-private=\"no\" data-downloadable=\"yes\"><p><span class='fwdmsp-artist'>Grupo<\/span> El saber del pueblo <span class='fwdmsp-title'> - Canci\u00f3n<\/span> Chumbale<\/p><\/li><li data-path=\"https:\/\/www.mined.gob.ni\/mapatradicionesculturapopular\/wp-content\/uploads\/2024\/08\/Grupo_El_saber_del_pueblo_-_Canci_n_Corrido_a_Benjamin_zeled_n.mp3\" data-thumbpath=\"https:\/\/www.mined.gob.ni\/mapatradicionesculturapopular\/wp-content\/uploads\/2024\/08\/El-saber-del-pueblo.png\" data-is-private=\"no\" data-downloadable=\"yes\"><p><span class='fwdmsp-artist'>Grupo<\/span> El saber del pueblo <span class='fwdmsp-title'> - Canci\u00f3n<\/span> Corrido a Benjamin zeled\u00f3n<\/p><\/li><li data-path=\"https:\/\/www.mined.gob.ni\/mapatradicionesculturapopular\/wp-content\/uploads\/2024\/08\/Grupo_El_saber_del_pueblo_-_Canci_n_Dime_simeone.mp3\" data-thumbpath=\"https:\/\/www.mined.gob.ni\/mapatradicionesculturapopular\/wp-content\/uploads\/2024\/08\/El-saber-del-pueblo.png\" data-is-private=\"no\" data-downloadable=\"yes\"><p><span class='fwdmsp-artist'>Grupo<\/span> El saber del pueblo <span class='fwdmsp-title'> - Canci\u00f3n<\/span> Dime simeone<\/p><\/li><li data-path=\"https:\/\/www.mined.gob.ni\/mapatradicionesculturapopular\/wp-content\/uploads\/2024\/08\/Grupo_El_saber_del_pueblo_-_Canci_n_Dueto_Le_n_-_Marcha_a_sandino.mp3\" data-thumbpath=\"https:\/\/www.mined.gob.ni\/mapatradicionesculturapopular\/wp-content\/uploads\/2024\/08\/El-saber-del-pueblo.png\" data-is-private=\"no\" data-downloadable=\"yes\"><p><span class='fwdmsp-artist'>Grupo<\/span> El saber del pueblo <span class='fwdmsp-title'> - Canci\u00f3n<\/span> Dueto Le\u00f3n - Marcha a sandino<\/p><\/li><li data-path=\"https:\/\/www.mined.gob.ni\/mapatradicionesculturapopular\/wp-content\/uploads\/2024\/08\/Zinica_-_Zinica_-_Sitting_on_the_beach.mp3\" data-thumbpath=\"https:\/\/www.mined.gob.ni\/mapatradicionesculturapopular\/wp-content\/uploads\/2024\/08\/El-saber-del-pueblo.png\" data-is-private=\"no\" data-downloadable=\"yes\"><p><span class='fwdmsp-artist'>Zinica <\/span><span class='fwdmsp-title'> - Zinica - Sitting on the beach<\/span><\/p> <\/li><\/ul><ul id=\"fwdmspPlaylist5\" class=\"fwdmsp-playlist\"><li data-path=\"https:\/\/www.mined.gob.ni\/mapatradicionesculturapopular\/wp-content\/uploads\/2024\/08\/GrupoDon_Mercho_y_sus_Muchacho_-_Canci_n-_Corazon_de_amor.mp3\" data-thumbpath=\"https:\/\/www.mined.gob.ni\/mapatradicionesculturapopular\/wp-content\/uploads\/2024\/08\/Don-Mercho-y-sus-muchachos.png\" data-is-private=\"no\" data-downloadable=\"yes\"><p><span class='fwdmsp-artist'>Grupo<\/span>Don Mercho y sus Muchacho <span class='fwdmsp-title'> - Canci\u00f3n<\/span>- Corazon de amor<\/p><\/li><li data-path=\"https:\/\/www.mined.gob.ni\/mapatradicionesculturapopular\/wp-content\/uploads\/2024\/08\/GrupoDon_Mercho_y_sus_Muchacho_-_Canci_n-_El_camellon.mp3\" data-thumbpath=\"https:\/\/www.mined.gob.ni\/mapatradicionesculturapopular\/wp-content\/uploads\/2024\/08\/Don-Mercho-y-sus-muchachos.png\" data-is-private=\"no\" data-downloadable=\"yes\"><p><span class='fwdmsp-artist'>Grupo<\/span>Don Mercho y sus Muchacho <span class='fwdmsp-title'> - Canci\u00f3n<\/span>- El camellon<\/p><\/li><li data-path=\"https:\/\/www.mined.gob.ni\/mapatradicionesculturapopular\/wp-content\/uploads\/2024\/08\/GrupoDon_Mercho_y_sus_Muchacho_-_Canci_n-_El_Zopilote.mp3\" data-thumbpath=\"https:\/\/www.mined.gob.ni\/mapatradicionesculturapopular\/wp-content\/uploads\/2024\/08\/Don-Mercho-y-sus-muchachos.png\" data-is-private=\"no\" data-downloadable=\"yes\"><p><span class='fwdmsp-artist'>Grupo<\/span>Don Mercho y sus Muchacho <span class='fwdmsp-title'> - Canci\u00f3n<\/span>- El Zopilote<\/p><\/li><li data-path=\"https:\/\/www.mined.gob.ni\/mapatradicionesculturapopular\/wp-content\/uploads\/2024\/08\/GrupoDon_Mercho_y_sus_Muchacho_-_Canci_n-_La_Amorosa.mp3\" data-thumbpath=\"https:\/\/www.mined.gob.ni\/mapatradicionesculturapopular\/wp-content\/uploads\/2024\/08\/Don-Mercho-y-sus-muchachos.png\" data-is-private=\"no\" data-downloadable=\"yes\"><p><span class='fwdmsp-artist'>Grupo<\/span>Don Mercho y sus Muchacho <span class='fwdmsp-title'> - Canci\u00f3n<\/span>- La Amorosa<\/p><\/li><li data-path=\"https:\/\/www.mined.gob.ni\/mapatradicionesculturapopular\/wp-content\/uploads\/2024\/08\/GrupoDon_Mercho_y_sus_Muchacho_-_Canci_n-_La_Celestial.mp3\" data-thumbpath=\"https:\/\/www.mined.gob.ni\/mapatradicionesculturapopular\/wp-content\/uploads\/2024\/08\/Don-Mercho-y-sus-muchachos.png\" data-is-private=\"no\" data-downloadable=\"yes\"><p><span class='fwdmsp-artist'>Grupo<\/span>Don Mercho y sus Muchacho <span class='fwdmsp-title'> - Canci\u00f3n<\/span>- La Celestial<\/p><\/li><li data-path=\"https:\/\/www.mined.gob.ni\/mapatradicionesculturapopular\/wp-content\/uploads\/2024\/08\/GrupoDon_Mercho_y_sus_Muchacho_-_Canci_n_-_La_llamarada.mp3\" data-thumbpath=\"https:\/\/www.mined.gob.ni\/mapatradicionesculturapopular\/wp-content\/uploads\/2024\/08\/Don-Mercho-y-sus-muchachos.png\" data-is-private=\"no\" data-downloadable=\"yes\"><p><span class='fwdmsp-artist'>Grupo<\/span>Don Mercho y sus Muchacho <span class='fwdmsp-title'> - Canci\u00f3n<\/span> - La llamarada<\/p><\/li><li data-path=\"https:\/\/www.mined.gob.ni\/mapatradicionesculturapopular\/wp-content\/uploads\/2024\/08\/GrupoDon_Mercho_y_sus_Muchacho_-_Canci_n_-_La_Rana.mp3\" data-thumbpath=\"https:\/\/www.mined.gob.ni\/mapatradicionesculturapopular\/wp-content\/uploads\/2024\/08\/Don-Mercho-y-sus-muchachos.png\" data-is-private=\"no\" data-downloadable=\"yes\"><p><span class='fwdmsp-artist'>Grupo<\/span>Don Mercho y sus Muchacho <span class='fwdmsp-title'> - Canci\u00f3n<\/span> - La Rana<\/p><\/li><li data-path=\"https:\/\/www.mined.gob.ni\/mapatradicionesculturapopular\/wp-content\/uploads\/2024\/08\/GrupoDon_Mercho_y_sus_Muchacho_-_Canci_n_-_Las_noches_en_vela.mp3\" data-thumbpath=\"https:\/\/www.mined.gob.ni\/mapatradicionesculturapopular\/wp-content\/uploads\/2024\/08\/Don-Mercho-y-sus-muchachos.png\" data-is-private=\"no\" data-downloadable=\"yes\"><p><span class='fwdmsp-artist'>Grupo<\/span>Don Mercho y sus Muchacho <span class='fwdmsp-title'> - Canci\u00f3n<\/span> - Las noches en vela<\/p><\/li><li data-path=\"https:\/\/www.mined.gob.ni\/mapatradicionesculturapopular\/wp-content\/uploads\/2024\/08\/GrupoDon_Mercho_y_sus_Muchacho_-_Canci_n_-_Machete_Chingo.mp3\" data-thumbpath=\"https:\/\/www.mined.gob.ni\/mapatradicionesculturapopular\/wp-content\/uploads\/2024\/08\/Don-Mercho-y-sus-muchachos.png\" data-is-private=\"no\" data-downloadable=\"yes\"><p><span class='fwdmsp-artist'>Grupo<\/span>Don Mercho y sus Muchacho <span class='fwdmsp-title'> - Canci\u00f3n<\/span> - Machete Chingo<\/p><\/li><li data-path=\"https:\/\/www.mined.gob.ni\/mapatradicionesculturapopular\/wp-content\/uploads\/2024\/08\/GrupoDon_Mercho_y_sus_Muchacho_-_Canci_n_-_Mazurca_la_Tecolata.mp3\" data-thumbpath=\"https:\/\/www.mined.gob.ni\/mapatradicionesculturapopular\/wp-content\/uploads\/2024\/08\/Don-Mercho-y-sus-muchachos.png\" data-is-private=\"no\" data-downloadable=\"yes\"><p><span class='fwdmsp-artist'>Grupo<\/span>Don Mercho y sus Muchacho <span class='fwdmsp-title'> - Canci\u00f3n<\/span> - Mazurca la Tecolata<\/p><\/li><li data-path=\"https:\/\/www.mined.gob.ni\/mapatradicionesculturapopular\/wp-content\/uploads\/2024\/08\/GrupoDon_Mercho_y_sus_Muchacho_-_Canci_n-_Mazurca_Matagalpina.mp3\" data-thumbpath=\"https:\/\/www.mined.gob.ni\/mapatradicionesculturapopular\/wp-content\/uploads\/2024\/08\/Don-Mercho-y-sus-muchachos.png\" data-is-private=\"no\" data-downloadable=\"yes\"><p><span class='fwdmsp-artist'>Grupo<\/span>Don Mercho y sus Muchacho <span class='fwdmsp-title'> - Canci\u00f3n<\/span>- Mazurca Matagalpina<\/p><\/li><li data-path=\"https:\/\/www.mined.gob.ni\/mapatradicionesculturapopular\/wp-content\/uploads\/2024\/08\/GrupoDon_Mercho_y_sus_Muchacho_-_Canci_n-_Mazurca_Monta_era.mp3\" data-thumbpath=\"https:\/\/www.mined.gob.ni\/mapatradicionesculturapopular\/wp-content\/uploads\/2024\/08\/Don-Mercho-y-sus-muchachos.png\" data-is-private=\"no\" data-downloadable=\"yes\"><p><span class='fwdmsp-artist'>Grupo<\/span>Don Mercho y sus Muchacho <span class='fwdmsp-title'> - Canci\u00f3n<\/span>- Mazurca Monta\u00f1era<\/p><\/li><li data-path=\"https:\/\/www.mined.gob.ni\/mapatradicionesculturapopular\/wp-content\/uploads\/2024\/08\/GrupoDon_Mercho_y_sus_Muchacho_-_Canci_nEl_camellon.mp3\" data-thumbpath=\"https:\/\/www.mined.gob.ni\/mapatradicionesculturapopular\/wp-content\/uploads\/2024\/08\/Don-Mercho-y-sus-muchachos.png\" data-is-private=\"no\" data-downloadable=\"yes\"><p><span class='fwdmsp-artist'>Grupo<\/span>Don Mercho y sus Muchacho <span class='fwdmsp-title'> - Canci\u00f3n<\/span>El camellon<\/p><\/li><li data-path=\"https:\/\/www.mined.gob.ni\/mapatradicionesculturapopular\/wp-content\/uploads\/2024\/08\/GrupoDon_Mercho_y_sus_Muchacho_-_Canci_nLa_llamarada.mp3\" data-thumbpath=\"https:\/\/www.mined.gob.ni\/mapatradicionesculturapopular\/wp-content\/uploads\/2024\/08\/Don-Mercho-y-sus-muchachos.png\" data-is-private=\"no\" data-downloadable=\"yes\"><p><span class='fwdmsp-artist'>Grupo<\/span>Don Mercho y sus Muchacho <span class='fwdmsp-title'> - Canci\u00f3n<\/span>La llamarada<\/p><\/li><li data-path=\"https:\/\/www.mined.gob.ni\/mapatradicionesculturapopular\/wp-content\/uploads\/2024\/08\/GrupoDon_Mercho_y_sus_Muchacho_-_Canci_n_La_rana.mp3\" data-thumbpath=\"https:\/\/www.mined.gob.ni\/mapatradicionesculturapopular\/wp-content\/uploads\/2024\/08\/Don-Mercho-y-sus-muchachos.png\" data-is-private=\"no\" data-downloadable=\"yes\"><p><span class='fwdmsp-artist'>Grupo<\/span>Don Mercho y sus Muchacho <span class='fwdmsp-title'> - Canci\u00f3n<\/span> La rana<\/p><\/li><li data-path=\"https:\/\/www.mined.gob.ni\/mapatradicionesculturapopular\/wp-content\/uploads\/2024\/08\/GrupoDon_Mercho_y_sus_Muchacho_-_Canci_n_Mazurca_monta_era.mp3\" data-thumbpath=\"https:\/\/www.mined.gob.ni\/mapatradicionesculturapopular\/wp-content\/uploads\/2024\/08\/Don-Mercho-y-sus-muchachos.png\" data-is-private=\"no\" data-downloadable=\"yes\"><p><span class='fwdmsp-artist'>Grupo<\/span>Don Mercho y sus Muchacho <span class='fwdmsp-title'> - Canci\u00f3n<\/span> Mazurca monta\u00f1era<\/p><\/li><\/ul><ul id=\"fwdmspPlaylist6\" class=\"fwdmsp-playlist\"><li data-path=\"https:\/\/www.mined.gob.ni\/mapatradicionesculturapopular\/wp-content\/uploads\/2024\/08\/GrupoBarbaros_del_Ritmo_de_Bluefields_-_Canci_n01_Something_Down_Yonder.mp3\" data-thumbpath=\"https:\/\/www.mined.gob.ni\/mapatradicionesculturapopular\/wp-content\/uploads\/2024\/08\/Sin-titulo-1_22_11zon.webp\" data-is-private=\"no\" data-downloadable=\"yes\"><p><span class='fwdmsp-artist'>Grupo<\/span>Barbaros del Ritmo de Bluefields<span class='fwdmsp-title'> - Canci\u00f3n<\/span>01 Something Down Yonder<\/p><\/li><li data-path=\"https:\/\/www.mined.gob.ni\/mapatradicionesculturapopular\/wp-content\/uploads\/2024\/08\/GrupoBarbaros_del_Ritmo_de_Bluefields_-_Canci_n02_Jack_Ass.mp3\" data-thumbpath=\"https:\/\/www.mined.gob.ni\/mapatradicionesculturapopular\/wp-content\/uploads\/2024\/08\/Sin-titulo-1_22_11zon.webp\" data-is-private=\"no\" data-downloadable=\"yes\"><p><span class='fwdmsp-artist'>Grupo<\/span>Barbaros del Ritmo de Bluefields<span class='fwdmsp-title'> - Canci\u00f3n<\/span>02 Jack Ass<\/p><\/li><li data-path=\"https:\/\/www.mined.gob.ni\/mapatradicionesculturapopular\/wp-content\/uploads\/2024\/08\/GrupoBarbaros_del_Ritmo_de_Bluefields_-_Canci_n03_Judih_Drownded.mp3\" data-thumbpath=\"https:\/\/www.mined.gob.ni\/mapatradicionesculturapopular\/wp-content\/uploads\/2024\/08\/Sin-titulo-1_22_11zon.webp\" data-is-private=\"no\" data-downloadable=\"yes\"><p><span class='fwdmsp-artist'>Grupo<\/span>Barbaros del Ritmo de Bluefields<span class='fwdmsp-title'> - Canci\u00f3n<\/span>03 Judih Drownded<\/p><\/li><li data-path=\"https:\/\/www.mined.gob.ni\/mapatradicionesculturapopular\/wp-content\/uploads\/2024\/08\/GrupoBarbaros_del_Ritmo_de_Bluefields_-_Canci_n04_Mayaya.mp3\" data-thumbpath=\"https:\/\/www.mined.gob.ni\/mapatradicionesculturapopular\/wp-content\/uploads\/2024\/08\/Sin-titulo-1_22_11zon.webp\" data-is-private=\"no\" data-downloadable=\"yes\"><p><span class='fwdmsp-artist'>Grupo<\/span>Barbaros del Ritmo de Bluefields<span class='fwdmsp-title'> - Canci\u00f3n<\/span>04 Mayaya<\/p><\/li><li data-path=\"https:\/\/www.mined.gob.ni\/mapatradicionesculturapopular\/wp-content\/uploads\/2024\/08\/GrupoBarbaros_del_Ritmo_de_Bluefields_-_Canci_n05_Palo_de_Mayo_en_Managua.mp3\" data-thumbpath=\"https:\/\/www.mined.gob.ni\/mapatradicionesculturapopular\/wp-content\/uploads\/2024\/08\/Sin-titulo-1_22_11zon.webp\" data-is-private=\"no\" data-downloadable=\"yes\"><p><span class='fwdmsp-artist'>Grupo<\/span>Barbaros del Ritmo de Bluefields<span class='fwdmsp-title'> - Canci\u00f3n<\/span>05 Palo de Mayo en Managua<\/p><\/li><li data-path=\"https:\/\/www.mined.gob.ni\/mapatradicionesculturapopular\/wp-content\/uploads\/2024\/08\/GrupoBarbaros_del_Ritmo_de_Bluefields_-_Canci_n06_Reedo.mp3\" data-thumbpath=\"https:\/\/www.mined.gob.ni\/mapatradicionesculturapopular\/wp-content\/uploads\/2024\/08\/Sin-titulo-1_22_11zon.webp\" data-is-private=\"no\" data-downloadable=\"yes\"><p><span class='fwdmsp-artist'>Grupo<\/span>Barbaros del Ritmo de Bluefields<span class='fwdmsp-title'> - Canci\u00f3n<\/span>06 Reedo<\/p><\/li><li data-path=\"https:\/\/www.mined.gob.ni\/mapatradicionesculturapopular\/wp-content\/uploads\/2024\/08\/GrupoBarbaros_del_Ritmo_de_Bluefields_-_Canci_n07_Sing_Simon.mp3\" data-thumbpath=\"https:\/\/www.mined.gob.ni\/mapatradicionesculturapopular\/wp-content\/uploads\/2024\/08\/Sin-titulo-1_22_11zon.webp\" data-is-private=\"no\" data-downloadable=\"yes\"><p><span class='fwdmsp-artist'>Grupo<\/span>Barbaros del Ritmo de Bluefields<span class='fwdmsp-title'> - Canci\u00f3n<\/span>07 Sing Simon<\/p><\/li><li data-path=\"https:\/\/www.mined.gob.ni\/mapatradicionesculturapopular\/wp-content\/uploads\/2024\/08\/GrupoBarbaros_del_Ritmo_de_Bluefields_-_Canci_n08_Soup_on_The_Table.mp3\" data-thumbpath=\"https:\/\/www.mined.gob.ni\/mapatradicionesculturapopular\/wp-content\/uploads\/2024\/08\/Sin-titulo-1_22_11zon.webp\" data-is-private=\"no\" data-downloadable=\"yes\"><p><span class='fwdmsp-artist'>Grupo<\/span>Barbaros del Ritmo de Bluefields<span class='fwdmsp-title'> - Canci\u00f3n<\/span>08 Soup on The Table<\/p><\/li><li data-path=\"https:\/\/www.mined.gob.ni\/mapatradicionesculturapopular\/wp-content\/uploads\/2024\/08\/GrupoBarbaros_del_Ritmo_de_Bluefields_-_Canci_n09_Tululu.mp3\" data-thumbpath=\"https:\/\/www.mined.gob.ni\/mapatradicionesculturapopular\/wp-content\/uploads\/2024\/08\/Sin-titulo-1_22_11zon.webp\" data-is-private=\"no\" data-downloadable=\"yes\"><p><span class='fwdmsp-artist'>Grupo<\/span>Barbaros del Ritmo de Bluefields<span class='fwdmsp-title'> - Canci\u00f3n<\/span>09 Tululu<\/p><\/li><li data-path=\"https:\/\/www.mined.gob.ni\/mapatradicionesculturapopular\/wp-content\/uploads\/2024\/08\/GrupoBarbaros_del_Ritmo_de_Bluefields_-_Canci_n10_Two_Coco.mp3\" data-thumbpath=\"https:\/\/www.mined.gob.ni\/mapatradicionesculturapopular\/wp-content\/uploads\/2024\/08\/Sin-titulo-1_22_11zon.webp\" data-is-private=\"no\" data-downloadable=\"yes\"><p><span class='fwdmsp-artist'>Grupo<\/span>Barbaros del Ritmo de Bluefields<span class='fwdmsp-title'> - Canci\u00f3n<\/span>10 Two Coco<\/p><\/li><li data-path=\"https:\/\/www.mined.gob.ni\/mapatradicionesculturapopular\/wp-content\/uploads\/2024\/08\/GrupoBarbaros_del_Ritmo_de_Bluefields_-_Canci_n11_Zion_Oh.mp3\" data-thumbpath=\"https:\/\/www.mined.gob.ni\/mapatradicionesculturapopular\/wp-content\/uploads\/2024\/08\/Sin-titulo-1_22_11zon.webp\" data-is-private=\"no\" data-downloadable=\"yes\"><p><span class='fwdmsp-artist'>Grupo<\/span>Barbaros del Ritmo de Bluefields<span class='fwdmsp-title'> - Canci\u00f3n<\/span>11 Zion Oh<\/p><\/li><\/ul><ul id=\"fwdmspPlaylist7\" class=\"fwdmsp-playlist\"><li data-path=\"https:\/\/www.mined.gob.ni\/mapatradicionesculturapopular\/wp-content\/uploads\/2024\/08\/Autor_Banda_filarmonica_Rios_-_Canci_n-_Aquella_indita1.mp3\" data-thumbpath=\"https:\/\/www.mined.gob.ni\/mapatradicionesculturapopular\/wp-content\/uploads\/2024\/08\/banda-filarmonica.png\" data-is-private=\"no\" data-downloadable=\"yes\"><p><span class='fwdmsp-artist'>Autor <\/span> Banda filarmonica Rios  <span class='fwdmsp-title'> - Canci\u00f3n<\/span> Caballito Chontale\u00f1o<\/p><\/li><li data-path=\"https:\/\/www.mined.gob.ni\/mapatradicionesculturapopular\/wp-content\/uploads\/2024\/08\/Autor_Banda_filarmonica_Rios_-_Canci_n_El_guaro_blanco.mp3\" data-thumbpath=\"https:\/\/www.mined.gob.ni\/mapatradicionesculturapopular\/wp-content\/uploads\/2024\/08\/banda-filarmonica.png\" data-is-private=\"no\" data-downloadable=\"yes\"><p><span class='fwdmsp-artist'>Autor <\/span> Banda filarmonica Rios  <span class='fwdmsp-title'> - Canci\u00f3n<\/span>  El guaro blanco<\/p><\/li><li data-path=\"https:\/\/www.mined.gob.ni\/mapatradicionesculturapopular\/wp-content\/uploads\/2024\/08\/Autor_Banda_filarmonica_Rios_-_Canci_nEl_mate_amargo.mp3\" data-thumbpath=\"https:\/\/www.mined.gob.ni\/mapatradicionesculturapopular\/wp-content\/uploads\/2024\/08\/banda-filarmonica.png\" data-is-private=\"no\" data-downloadable=\"yes\"><p><span class='fwdmsp-artist'>Autor <\/span> Banda filarmonica Rios  <span class='fwdmsp-title'> - Canci\u00f3n<\/span>El mate amargo<\/p><\/li><li data-path=\"https:\/\/www.mined.gob.ni\/mapatradicionesculturapopular\/wp-content\/uploads\/2024\/08\/Autor_Banda_filarmonica_Rios_-_Canci_n_Ese_toro_no_sirve.mp3\" data-thumbpath=\"https:\/\/www.mined.gob.ni\/mapatradicionesculturapopular\/wp-content\/uploads\/2024\/08\/banda-filarmonica.png\" data-is-private=\"no\" data-downloadable=\"yes\"><p><span class='fwdmsp-artist'>Autor <\/span> Banda filarmonica Rios  <span class='fwdmsp-title'> - Canci\u00f3n<\/span>  Ese toro no sirve<\/p><\/li><li data-path=\"https:\/\/www.mined.gob.ni\/mapatradicionesculturapopular\/wp-content\/uploads\/2024\/08\/Autor_Banda_filarmonica_Rios_-_Canci_n_Juigalpa_con_emocion.mp3\" data-thumbpath=\"https:\/\/www.mined.gob.ni\/mapatradicionesculturapopular\/wp-content\/uploads\/2024\/08\/banda-filarmonica.png\" data-is-private=\"no\" data-downloadable=\"yes\"><p><span class='fwdmsp-artist'>Autor <\/span> Banda filarmonica Rios  <span class='fwdmsp-title'> - Canci\u00f3n<\/span> Juigalpa con emocion<\/p><\/li><li data-path=\"https:\/\/www.mined.gob.ni\/mapatradicionesculturapopular\/wp-content\/uploads\/2024\/08\/Autor_Banda_filarmonica_Rios_-_Canci_n_La_numero_4.mp3\" data-thumbpath=\"https:\/\/www.mined.gob.ni\/mapatradicionesculturapopular\/wp-content\/uploads\/2024\/08\/banda-filarmonica.png\" data-is-private=\"no\" data-downloadable=\"yes\"><p><span class='fwdmsp-artist'>Autor <\/span> Banda filarmonica Rios  <span class='fwdmsp-title'> - Canci\u00f3n<\/span>  La numero 4<\/p><\/li><li data-path=\"https:\/\/www.mined.gob.ni\/mapatradicionesculturapopular\/wp-content\/uploads\/2024\/08\/Autor_Banda_filarmonica_Rios_-_Canci_n_La_pelota.mp3\" data-thumbpath=\"https:\/\/www.mined.gob.ni\/mapatradicionesculturapopular\/wp-content\/uploads\/2024\/08\/banda-filarmonica.png\" data-is-private=\"no\" data-downloadable=\"yes\"><p><span class='fwdmsp-artist'>Autor <\/span> Banda filarmonica Rios  <span class='fwdmsp-title'> - Canci\u00f3n<\/span> La pelota<\/p><\/li><\/ul><ul id=\"fwdmspPlaylist8\" class=\"fwdmsp-playlist\"><li data-path=\"https:\/\/www.mined.gob.ni\/mapatradicionesculturapopular\/wp-content\/uploads\/2024\/08\/Autor_Arturo_Ponce_-_Canci_n-_La_Dipilto.mp3\" data-thumbpath=\"https:\/\/www.mined.gob.ni\/mapatradicionesculturapopular\/wp-content\/uploads\/2024\/08\/ARTURO-PONCE.png\" data-is-private=\"no\" data-downloadable=\"yes\"><p><span class='fwdmsp-artist'>Autor <\/span> Arturo Ponce <span class='fwdmsp-title'> - Canci\u00f3n<\/span>- La Dipilto<\/p><\/li><\/ul><ul id=\"fwdmspPlaylist9\" class=\"fwdmsp-playlist\"><li data-path=\"https:\/\/www.mined.gob.ni\/mapatradicionesculturapopular\/wp-content\/uploads\/2024\/08\/Autor-_Adan_Hernandez_-_Canci_n_San_Nicolas-1.mp3\" data-thumbpath=\"https:\/\/www.mined.gob.ni\/mapatradicionesculturapopular\/wp-content\/uploads\/2024\/08\/adan-hernandez.png\" data-is-private=\"no\" data-downloadable=\"yes\"><p><span class='fwdmsp-artist'>Autor<\/span>- Adan Hernandez -<span class='fwdmsp-title'> Canci\u00f3n <\/span> San Nicolas<\/p><\/li><li data-path=\"https:\/\/www.mined.gob.ni\/mapatradicionesculturapopular\/wp-content\/uploads\/2024\/08\/Autor-_Adan_Hernandez_-_Canci_n_La_Wayle_a.mp3\" data-thumbpath=\"https:\/\/www.mined.gob.ni\/mapatradicionesculturapopular\/wp-content\/uploads\/2024\/08\/adan-hernandez.png\" data-is-private=\"no\" data-downloadable=\"yes\"><p><span class='fwdmsp-artist'>Autor<\/span>- Adan Hernandez -<span class='fwdmsp-title'> Canci\u00f3n <\/span> La Wayle\u00f1a<\/p><\/li><li data-path=\"https:\/\/www.mined.gob.ni\/mapatradicionesculturapopular\/wp-content\/uploads\/2024\/08\/Autor-_Adan_Hernandez_-_Canci_n_La_Vuelta_Loca.mp3\" data-thumbpath=\"https:\/\/www.mined.gob.ni\/mapatradicionesculturapopular\/wp-content\/uploads\/2024\/08\/adan-hernandez.png\" data-is-private=\"no\" data-downloadable=\"yes\"><p><span class='fwdmsp-artist'>Autor<\/span>- Adan Hernandez -<span class='fwdmsp-title'> Canci\u00f3n <\/span> La Vuelta Loca<\/p><\/li><li data-path=\"https:\/\/www.mined.gob.ni\/mapatradicionesculturapopular\/wp-content\/uploads\/2024\/08\/Autor-_Adan_Hernandez_-_Canci_n_La_Tiago_Ortega1.mp3\" data-thumbpath=\"https:\/\/www.mined.gob.ni\/mapatradicionesculturapopular\/wp-content\/uploads\/2024\/08\/adan-hernandez.png\" data-is-private=\"no\" data-downloadable=\"yes\"><p><span class='fwdmsp-artist'>Autor<\/span>- Adan Hernandez -<span class='fwdmsp-title'> Canci\u00f3n <\/span> La Tiago Ortega<\/p> <\/li><li data-path=\"https:\/\/www.mined.gob.ni\/mapatradicionesculturapopular\/wp-content\/uploads\/2024\/08\/Autor-_Adan_Hernandez_-_Canci_n_La_San_Marque_a.mp3\" data-thumbpath=\"https:\/\/www.mined.gob.ni\/mapatradicionesculturapopular\/wp-content\/uploads\/2024\/08\/adan-hernandez.png\" data-is-private=\"no\" data-downloadable=\"yes\"><p><span class='fwdmsp-artist'>Autor<\/span>- Adan Hernandez -<span class='fwdmsp-title'> Canci\u00f3n <\/span>  La San Marque\u00f1a<\/p><\/li><li data-path=\"https:\/\/www.mined.gob.ni\/mapatradicionesculturapopular\/wp-content\/uploads\/2024\/08\/Autor-_Adan_Hernandez_-_Canci_n_La_Rompecaites.mp3\" data-thumbpath=\"https:\/\/www.mined.gob.ni\/mapatradicionesculturapopular\/wp-content\/uploads\/2024\/08\/adan-hernandez.png\" data-is-private=\"no\" data-downloadable=\"yes\"><p><span class='fwdmsp-artist'>Autor<\/span>- Adan Hernandez -<span class='fwdmsp-title'> Canci\u00f3n <\/span> La Rompecaites<\/p> <\/li><li data-path=\"https:\/\/www.mined.gob.ni\/mapatradicionesculturapopular\/wp-content\/uploads\/2024\/08\/Autor-_Adan_Hernandez_-_Canci_n_La_Punteadita.mp3\" data-thumbpath=\"https:\/\/www.mined.gob.ni\/mapatradicionesculturapopular\/wp-content\/uploads\/2024\/08\/adan-hernandez.png\" data-is-private=\"no\" data-downloadable=\"yes\"><p><span class='fwdmsp-artist'>Autor<\/span>- Adan Hernandez -<span class='fwdmsp-title'> Canci\u00f3n <\/span> La Punteadita<\/p> <\/li><li data-path=\"https:\/\/www.mined.gob.ni\/mapatradicionesculturapopular\/wp-content\/uploads\/2024\/08\/Autor-_Adan_Hernandez_-_Canci_n_La_Menesterosa.mp3\" data-thumbpath=\"https:\/\/www.mined.gob.ni\/mapatradicionesculturapopular\/wp-content\/uploads\/2024\/08\/adan-hernandez.png\" data-is-private=\"no\" data-downloadable=\"yes\"><p><span class='fwdmsp-artist'>Autor<\/span>- Adan Hernandez -<span class='fwdmsp-title'> Canci\u00f3n <\/span> La Menesterosa<\/p><\/li><li data-path=\"https:\/\/www.mined.gob.ni\/mapatradicionesculturapopular\/wp-content\/uploads\/2024\/08\/Autor-_Adan_Hernandez_-_Canci_n_La_Melindrosa.mp3\" data-thumbpath=\"https:\/\/www.mined.gob.ni\/mapatradicionesculturapopular\/wp-content\/uploads\/2024\/08\/adan-hernandez.png\" data-is-private=\"no\" data-downloadable=\"yes\"><p><span class='fwdmsp-artist'>Autor<\/span>- Adan Hernandez -<span class='fwdmsp-title'> Canci\u00f3n <\/span> La Melindrosa<\/p> <\/li><li data-path=\"https:\/\/www.mined.gob.ni\/mapatradicionesculturapopular\/wp-content\/uploads\/2024\/08\/Autor_Adan_Hernandez_-_Canci_n_La_Goma.mp3\" data-thumbpath=\"https:\/\/www.mined.gob.ni\/mapatradicionesculturapopular\/wp-content\/uploads\/2024\/08\/adan-hernandez.png\" data-is-private=\"no\" data-downloadable=\"yes\"><p><span class='fwdmsp-artist'>Autor<\/span> Adan Hernandez <span class='fwdmsp-title'> - Canci\u00f3n <\/span> La Goma<\/p><\/li><li data-path=\"https:\/\/www.mined.gob.ni\/mapatradicionesculturapopular\/wp-content\/uploads\/2024\/08\/Autor_Adan_Hernandez_-_Canci_n_La_Gemelita1.mp3\" data-thumbpath=\"https:\/\/www.mined.gob.ni\/mapatradicionesculturapopular\/wp-content\/uploads\/2024\/08\/adan-hernandez.png\" data-is-private=\"no\" data-downloadable=\"yes\"><p><span class='fwdmsp-artist'>Autor<\/span> Adan Hernandez <span class='fwdmsp-title'> - Canci\u00f3n <\/span> La Gemelita<\/p><\/li><li data-path=\"https:\/\/www.mined.gob.ni\/mapatradicionesculturapopular\/wp-content\/uploads\/2024\/08\/Autor_Adan_Hernandez_-_Canci_n_La_Cumplea_era1.mp3\" data-thumbpath=\"https:\/\/www.mined.gob.ni\/mapatradicionesculturapopular\/wp-content\/uploads\/2024\/08\/adan-hernandez.png\" data-is-private=\"no\" data-downloadable=\"yes\"><p><span class='fwdmsp-artist'>Autor<\/span> Adan Hernandez <span class='fwdmsp-title'> - Canci\u00f3n <\/span>  La Cumplea\u00f1era<\/p><\/li><li data-path=\"https:\/\/www.mined.gob.ni\/mapatradicionesculturapopular\/wp-content\/uploads\/2024\/08\/Autor_Adan_Hernandez_-_Canci_n_La_Consentida.mp3\" data-thumbpath=\"https:\/\/www.mined.gob.ni\/mapatradicionesculturapopular\/wp-content\/uploads\/2024\/08\/adan-hernandez.png\" data-is-private=\"no\" data-downloadable=\"yes\"><p><span class='fwdmsp-artist'>Autor<\/span> Adan Hernandez <span class='fwdmsp-title'> - Canci\u00f3n <\/span> La Consentida<\/p><\/li><li data-path=\"https:\/\/www.mined.gob.ni\/mapatradicionesculturapopular\/wp-content\/uploads\/2024\/08\/Autor_Adan_Hernandez_-_Canci_n_La_Cintureguevo.mp3\" data-thumbpath=\"https:\/\/www.mined.gob.ni\/mapatradicionesculturapopular\/wp-content\/uploads\/2024\/08\/adan-hernandez.png\" data-is-private=\"no\" data-downloadable=\"yes\"><p><span class='fwdmsp-artist'>Autor<\/span> Adan Hernandez <span class='fwdmsp-title'> - Canci\u00f3n <\/span> La Cintureguevo<\/p><\/li><li data-path=\"https:\/\/www.mined.gob.ni\/mapatradicionesculturapopular\/wp-content\/uploads\/2024\/08\/Autor_Adan_Hernandez_-_Canci_n_La_Campesina.mp3\" data-thumbpath=\"https:\/\/www.mined.gob.ni\/mapatradicionesculturapopular\/wp-content\/uploads\/2024\/08\/adan-hernandez.png\" data-is-private=\"no\" data-downloadable=\"yes\"><p><span class='fwdmsp-artist'>Autor<\/span> Adan Hernandez <span class='fwdmsp-title'> - Canci\u00f3n <\/span> La Campesina<\/p><\/li><li data-path=\"https:\/\/www.mined.gob.ni\/mapatradicionesculturapopular\/wp-content\/uploads\/2024\/08\/Autor_Adan_Hernandez_-_Canci_n_El_Remol_n_Tin_Tin.mp3\" data-thumbpath=\"https:\/\/www.mined.gob.ni\/mapatradicionesculturapopular\/wp-content\/uploads\/2024\/08\/adan-hernandez.png\" data-is-private=\"no\" data-downloadable=\"yes\"><p><span class='fwdmsp-artist'>Autor<\/span> Adan Hernandez <span class='fwdmsp-title'> - Canci\u00f3n <\/span>El Remol\u00edn Tin Tin<\/p><\/li><li data-path=\"https:\/\/www.mined.gob.ni\/mapatradicionesculturapopular\/wp-content\/uploads\/2024\/08\/Autor_Adan_Hernandez_-_Canci_n_-_El_Grito_del_bolo.mp3\" data-thumbpath=\"https:\/\/www.mined.gob.ni\/mapatradicionesculturapopular\/wp-content\/uploads\/2024\/08\/adan-hernandez.png\" data-is-private=\"no\" data-downloadable=\"yes\"><p><span class='fwdmsp-artist'>Autor<\/span> Adan Hernandez<span class='fwdmsp-title'> - Canci\u00f3n <\/span> - El Grito del bolo<\/p><\/li><li data-path=\"https:\/\/www.mined.gob.ni\/mapatradicionesculturapopular\/wp-content\/uploads\/2024\/08\/Autor_Adan_Hernandez_-_canci_n_Denis_Bola_os.mp3\" data-thumbpath=\"https:\/\/www.mined.gob.ni\/mapatradicionesculturapopular\/wp-content\/uploads\/2024\/08\/adan-hernandez.png\" data-is-private=\"no\" data-downloadable=\"yes\"><p><span class='fwdmsp-artist'>Autor <\/span>Adan Hernandez  <span class='fwdmsp-title'> - canci\u00f3n <\/span>Denis Bola\u00f1os<\/p><\/li><li data-path=\"https:\/\/www.mined.gob.ni\/mapatradicionesculturapopular\/wp-content\/uploads\/2024\/08\/Autor_Adan_Hernandez_Canci_n_Corrido_de_Alfredito.mp3\" data-thumbpath=\"https:\/\/www.mined.gob.ni\/mapatradicionesculturapopular\/wp-content\/uploads\/2024\/08\/adan-hernandez.png\" data-is-private=\"no\" data-downloadable=\"yes\"><p><span class='fwdmsp-artist'>Autor <\/span>Adan Hernandez  <span class='fwdmsp-title'> Canci\u00f3n <\/span> Corrido de Alfredito<\/p><\/li><\/ul><\/div>\n\t\t\t\t<\/div>\n\t\t\t\t<\/div>\n\t\t\t\t\t<\/div>\n\t\t<\/div>\n\t\t\t\t\t<\/div>\n\t\t<\/section>\n\t\t\t\t<section class=\"elementor-section elementor-top-section elementor-element elementor-element-aa5bdf9 elementor-section-boxed elementor-section-height-default elementor-section-height-default\" data-id=\"aa5bdf9\" data-element_type=\"section\">\n\t\t\t\t\t\t<div class=\"elementor-container elementor-column-gap-default\">\n\t\t\t\t\t<div class=\"elementor-column elementor-col-100 elementor-top-column elementor-element elementor-element-15e3c73\" data-id=\"15e3c73\" data-element_type=\"column\">\n\t\t\t<div class=\"elementor-widget-wrap\">\n\t\t\t\t\t\t\t<\/div>\n\t\t<\/div>\n\t\t\t\t\t<\/div>\n\t\t<\/section>\n\t\t\t\t<\/div>\n\t\t","protected":false},"excerpt":{"rendered":"<p>Nicaragua y su m\u00fasica folcl\u00f3rica Nicaragua vive su m\u00fasica entre barreras, pesebres y fiestas patronales, festividades tradicionales, rituales y romer\u00edas. Nuestra m\u00fasica folcl\u00f3rica vienen desde la \u00e9poca precolombina, cuando los Conquistadores espa\u00f1oles invadieron Nicaragua, ya los pueblos ind\u00edgenas ten\u00edan sus piezas de pito de carrizo o de ca\u00f1a, conoc\u00edan el tambor de tronco ahuecado\u00a0 tocado &hellip; <\/p>\n","protected":false},"author":1,"featured_media":0,"parent":0,"menu_order":0,"comment_status":"closed","ping_status":"closed","template":"","meta":{"footnotes":""},"class_list":["post-9895","page","type-page","status-publish","hentry"],"_links":{"self":[{"href":"https:\/\/www.mined.gob.ni\/mapatradicionesculturapopular\/wp-json\/wp\/v2\/pages\/9895","targetHints":{"allow":["GET"]}}],"collection":[{"href":"https:\/\/www.mined.gob.ni\/mapatradicionesculturapopular\/wp-json\/wp\/v2\/pages"}],"about":[{"href":"https:\/\/www.mined.gob.ni\/mapatradicionesculturapopular\/wp-json\/wp\/v2\/types\/page"}],"author":[{"embeddable":true,"href":"https:\/\/www.mined.gob.ni\/mapatradicionesculturapopular\/wp-json\/wp\/v2\/users\/1"}],"replies":[{"embeddable":true,"href":"https:\/\/www.mined.gob.ni\/mapatradicionesculturapopular\/wp-json\/wp\/v2\/comments?post=9895"}],"version-history":[{"count":31,"href":"https:\/\/www.mined.gob.ni\/mapatradicionesculturapopular\/wp-json\/wp\/v2\/pages\/9895\/revisions"}],"predecessor-version":[{"id":16851,"href":"https:\/\/www.mined.gob.ni\/mapatradicionesculturapopular\/wp-json\/wp\/v2\/pages\/9895\/revisions\/16851"}],"wp:attachment":[{"href":"https:\/\/www.mined.gob.ni\/mapatradicionesculturapopular\/wp-json\/wp\/v2\/media?parent=9895"}],"curies":[{"name":"wp","href":"https:\/\/api.w.org\/{rel}","templated":true}]}}